{"id":8588,"date":"2021-11-23T15:58:29","date_gmt":"2021-11-23T18:58:29","guid":{"rendered":"https:\/\/blog.grupoportfolio.com.br\/portfolio-gestao\/?page_id=8588"},"modified":"2023-06-12T17:28:28","modified_gmt":"2023-06-12T20:28:28","slug":"nova-home","status":"publish","type":"page","link":"https:\/\/blog.grupoportfolio.com.br\/portfolio-gestao\/","title":{"rendered":"Nova Home"},"content":{"rendered":"<p>[vc_row full_width=&#8221;stretch_row&#8221; css=&#8221;.vc_custom_1645727045114{background-image: url(https:\/\/blog.grupoportfolio.com.br\/portfolio-formacao\/wp-content\/uploads\/sites\/3\/2021\/11\/GESTAO1.png?id=8665) !important;background-position: center !important;background-repeat: no-repeat !important;background-size: cover !important;}&#8221;][vc_column][vc_empty_space height=&#8221;200px&#8221;][vc_row_inner equal_height=&#8221;yes&#8221;][vc_column_inner width=&#8221;1\/2&#8243;]<header class=\"kd-section-title col-lg-12 text-left    \" ><h1 class=\"separator_off\" style=\"color: #ffffff;\">Solu\u00e7\u00f5es para otimizar a<br \/>\nsua empresa e viabilizar<br \/>\ngrandes resultados<\/h1><\/header>[vc_empty_space height=&#8221;25px&#8221;][vc_btn title=&#8221;FALE COM UM ESPECIALISTA&#8221; style=&#8221;custom&#8221; custom_background=&#8221;#c4b388&#8243; custom_text=&#8221;#ffffff&#8221; align=&#8221;left&#8221; link=&#8221;url:%23contato&#8221;][vc_empty_space height=&#8221;40px&#8221;][\/vc_column_inner][vc_column_inner width=&#8221;1\/2&#8243;][vc_video link=&#8221;https:\/\/www.youtube.com\/watch?v=mwMk_i99iGM&#8221;][\/vc_column_inner][\/vc_row_inner][vc_empty_space height=&#8221;50px&#8221;][\/vc_column][\/vc_row][vc_row][vc_column][vc_empty_space height=&#8221;50px&#8221;]<header class=\"kd-section-title col-lg-12 text-center solid-line sep-border-width-2    \" ><h2 class=\"separator_on\" >Torne a sua empresa \u00e1gil com a Portfolio Gest\u00e3o<\/h2><div class=\"kd-separator below_title\" ><div class=\"kd-separator-line\" ><\/div><\/div><\/header>[vc_empty_space height=&#8221;50px&#8221;][\/vc_column][\/vc_row][vc_row gap=&#8221;20&#8243; equal_height=&#8221;yes&#8221; content_placement=&#8221;top&#8221;][vc_column css_animation=&#8221;none&#8221; width=&#8221;1\/3&#8243; css=&#8221;.vc_custom_1644254986231{border-right-width: -20px !important;border-left-width: -20px !important;padding-right: 0px !important;padding-left: 0px !important;background-color: #e5e5e5 !important;border-radius: 10px !important;}&#8221;][vc_single_image image=&#8221;8683&#8243; img_size=&#8221;full&#8221;][vc_empty_space height=&#8221;15px&#8221;]<div class=\"key-icon-box icon-default  cont-center    caixinha\" style=\"background-color: transparent; \" ><h2 class=\"service-heading\" >Gest\u00e3o da Estrat\u00e9gia<\/h2><p >Maior competitividade da sua empresa<br \/>\ncom uma estrat\u00e9gia aderente, consistente,<br \/>\nfocada em resultados.<\/p><\/div>[vc_empty_space height=&#8221;15px&#8221;][vc_btn title=&#8221;SAIBA MAIS&#8221; style=&#8221;custom&#8221; custom_background=&#8221;#c4b388&#8243; custom_text=&#8221;#ffffff&#8221; align=&#8221;center&#8221; link=&#8221;url:https%3A%2F%2Fblog.grupoportfolio.com.br%2Fportfolio-gestao%2Fgestao-da-estrategia%2F|title:Gest%C3%A3o%20da%20Estrat%C3%A9gia&#8221;][vc_empty_space height=&#8221;15px&#8221;][\/vc_column][vc_column css_animation=&#8221;none&#8221; width=&#8221;1\/3&#8243; css=&#8221;.vc_custom_1644254995212{padding-right: 0px !important;padding-left: 0px !important;background-color: #e5e5e5 !important;border-radius: 10px !important;}&#8221;][vc_single_image image=&#8221;8684&#8243; img_size=&#8221;full&#8221; alignment=&#8221;center&#8221;][vc_empty_space height=&#8221;15px&#8221;]<div class=\"key-icon-box icon-default  cont-center    caixinha\" style=\"background-color: transparent; \" ><h2 class=\"service-heading\" >Gest\u00e3o de Processos<\/h2><p >Seu neg\u00f3cio com processos transformados, estruturados e melhorados de acordo com sua necessidade.<\/p><\/div>[vc_empty_space height=&#8221;15px&#8221;][vc_btn title=&#8221;SAIBA MAIS&#8221; style=&#8221;custom&#8221; custom_background=&#8221;#c4b388&#8243; custom_text=&#8221;#ffffff&#8221; align=&#8221;center&#8221; link=&#8221;url:https%3A%2F%2Fblog.grupoportfolio.com.br%2Fportfolio-gestao%2Fgestao-de-processos%2F|title:Gest%C3%A3o%20de%20Processos&#8221;][vc_empty_space height=&#8221;15px&#8221;][\/vc_column][vc_column css_animation=&#8221;none&#8221; width=&#8221;1\/3&#8243; css=&#8221;.vc_custom_1644255004923{padding-right: 0px !important;padding-left: 0px !important;background-color: #e5e5e5 !important;border-radius: 10px !important;}&#8221;][vc_single_image image=&#8221;8682&#8243; img_size=&#8221;full&#8221; alignment=&#8221;center&#8221;][vc_empty_space height=&#8221;15px&#8221;]<div class=\"key-icon-box icon-default  cont-center    caixinha\" style=\"background-color: transparent; \" ><h2 class=\"service-heading\" >Gest\u00e3o de Projetos \u00c1geis<\/h2><p >Mais produtividade na execu\u00e7\u00e3o de projetos com metodologias \u00e1geis para alcan\u00e7ar os resultados esperados.<\/p><\/div>[vc_empty_space height=&#8221;15px&#8221;][vc_btn title=&#8221;SAIBA MAIS&#8221; style=&#8221;custom&#8221; custom_background=&#8221;#c4b388&#8243; custom_text=&#8221;#ffffff&#8221; align=&#8221;center&#8221; link=&#8221;url:https%3A%2F%2Fblog.grupoportfolio.com.br%2Fportfolio-gestao%2Fgestao-de-projetos%2F|title:Gest%C3%A3o%20de%20Projetos&#8221;][vc_empty_space height=&#8221;15px&#8221;][\/vc_column][\/vc_row][vc_row][vc_column][vc_empty_space height=&#8221;50px&#8221;][\/vc_column][\/vc_row][vc_row][vc_column width=&#8221;2\/5&#8243;]<header class=\"kd-section-title col-lg-12 text-left solid-line sep-border-width-2    \" ><h2 class=\"separator_on\" >Atua\u00e7\u00e3o<\/h2><div class=\"kd-separator below_title\" ><div class=\"kd-separator-line\" ><\/div><\/div><h6 class=\"subtitle \" style=\"font-size: 20px;\">A Portfolio Gest\u00e3o tem um hist\u00f3rico de atua\u00e7\u00e3o de sucesso em grandes empresas. Criamos um programa completo de desenvolvimento organizacional nas dimens\u00f5es estrat\u00e9gica, t\u00e1tica e operacional.<\/h6><\/header>[vc_btn title=&#8221;FALE COM UM ESPECIALISTA&#8221; style=&#8221;custom&#8221; custom_background=&#8221;#c4b388&#8243; custom_text=&#8221;#ffffff&#8221; link=&#8221;url:%23contato&#8221;][\/vc_column][vc_column width=&#8221;3\/5&#8243;][vc_gallery interval=&#8221;3&#8243; images=&#8221;8946,8947,8950,8951,8952,8953,8954&#8243; img_size=&#8221;full&#8221;][\/vc_column][\/vc_row][vc_row rtl_reverse=&#8221;yes&#8221;][vc_column width=&#8221;2\/5&#8243;][vc_empty_space height=&#8221;100px&#8221;][vc_tta_accordion active_section=&#8221;0&#8243; collapsible_all=&#8221;true&#8221;][vc_tta_section title=&#8221;Portfolio Strategic Execution Framework (PSEF@)&#8221; tab_id=&#8221;1639506879631-628aac81-0383&#8243;][vc_column_text]O <strong>PSEF@<\/strong> \u00e9 baseado na integra\u00e7\u00e3o de melhores pr\u00e1ticas de <strong>gest\u00e3o da estrat\u00e9gia<\/strong>, <strong>de processos e de projetos<\/strong>. Ele permite que a empresa seja \u00e1gil, independentemente da sua estrutura organizacional. Consequentemente, obtendo sucesso nos seus neg\u00f3cios, mesmo quando a opera\u00e7\u00e3o ocorre em ambientes turbulentos.[\/vc_column_text][vc_single_image image=&#8221;8277&#8243; img_size=&#8221;full&#8221; onclick=&#8221;link_image&#8221; css_animation=&#8221;left-to-right&#8221; css=&#8221;.vc_custom_1601439517357{}&#8221;][\/vc_tta_section][vc_tta_section title=&#8221;Metodologia para Transforma\u00e7\u00e3o de Processos &#8211; ID3E&#8221; tab_id=&#8221;1639506879901-2d11929d-6342&#8243;][vc_column_text]<span class=\"TextRun SCXW31456195 BCX0\" lang=\"PT-BR\" xml:lang=\"PT-BR\" data-contrast=\"auto\"><span class=\"NormalTextRun SCXW31456195 BCX0\">Alinhado ao PSEF, organizamos o trabalho de<strong> desenvolvimento organizacional<\/strong> seguindo as fases da metodologia patenteada pelo Grupo Portfolio, a<strong> ID3E<\/strong><\/span><\/span>\u00ae<span class=\"TextRun SCXW31456195 BCX0\" lang=\"PT-BR\" xml:lang=\"PT-BR\" data-contrast=\"auto\"><span class=\"NormalTextRun SCXW31456195 BCX0\"> (Inicia\u00e7\u00e3o, Diagn\u00f3stico, Estrutura\u00e7\u00e3o, Evolu\u00e7\u00e3o e Encerramento), conforme detalhamento a seguir:<\/span><\/span><span class=\"EOP SCXW31456195 BCX0\" data-ccp-props=\"{&quot;335551550&quot;:6,&quot;335551620&quot;:6}\">\u00a0<\/span>[\/vc_column_text][vc_single_image image=&#8221;9263&#8243; img_size=&#8221;full&#8221; alignment=&#8221;center&#8221; onclick=&#8221;link_image&#8221; css_animation=&#8221;bottom-to-top&#8221;][\/vc_tta_section][\/vc_tta_accordion][vc_empty_space height=&#8221;50px&#8221;][\/vc_column][vc_column width=&#8221;3\/5&#8243;][vc_empty_space height=&#8221;60px&#8221;]<header class=\"kd-section-title col-lg-12 text-left solid-line sep-border-width-2    \" ><h2 class=\"separator_on\" >Conhe\u00e7a as nossas metodologias pr\u00f3prias<\/h2><div class=\"kd-separator below_title\" ><div class=\"kd-separator-line\" ><\/div><\/div><\/header>[vc_column_text]<span class=\"TextRun SCXW93690137 BCX0\" lang=\"PT-BR\" xml:lang=\"PT-BR\" data-contrast=\"auto\"><span class=\"NormalTextRun SCXW93690137 BCX0\">A Portfolio Gest\u00e3o tem um programa completo de <strong>desenvolvimento organizacional<\/strong> nas dimens\u00f5es estrat\u00e9gica, t\u00e1tica e operacional &#8211; o\u202f<strong>Portfolio\u00a0<\/strong><\/span><strong><span class=\"NormalTextRun SpellingErrorV2 SCXW93690137 BCX0\">Strategic<\/span><span class=\"NormalTextRun SCXW93690137 BCX0\">\u00a0<\/span><span class=\"NormalTextRun SpellingErrorV2 SCXW93690137 BCX0\">Execution<\/span><\/strong><span class=\"NormalTextRun SCXW93690137 BCX0\"><strong> Framework (PSEF) <\/strong>&#8211; que busca\u202f<strong>tornar a empresa \u00e1gil<\/strong>, promovendo a\u202fsatisfa\u00e7\u00e3o do cliente\u202fe\u202fmaximizando o valor dos seus ativos.<\/span><\/span><span class=\"EOP SCXW93690137 BCX0\" data-ccp-props=\"{&quot;335551550&quot;:6,&quot;335551620&quot;:6}\">\u00a0<\/span>[\/vc_column_text][vc_empty_space height=&#8221;100px&#8221;][\/vc_column][\/vc_row][vc_row full_width=&#8221;stretch_row&#8221; kd_image_overlay_color=&#8221;rgba(0,57,77,0.5)&#8221; kd_image_overlay=&#8221;true&#8221; css=&#8221;.vc_custom_1638988744891{background-image: url(https:\/\/blog.grupoportfolio.com.br\/portfolio-formacao\/wp-content\/uploads\/sites\/3\/2021\/11\/150DPIx-AdobeStock_91615637-576&#215;324-1.jpg?id=8648) !important;background-position: center !important;background-repeat: no-repeat !important;background-size: cover !important;}&#8221;][vc_column][vc_empty_space height=&#8221;50px&#8221;][\/vc_column][vc_column css_animation=&#8221;fadeInDown&#8221; width=&#8221;1\/3&#8243;]<div class=\"key-icon-box icon-default icon-top cont-center with-border box-bg-color kd-animated fadeInUp caixinha\" style=\"background-color: #ffffff; border: 1px solid #a47e56;\" data-animation-delay=200><div class=\"ib-wrapper\"><div class=\"tt-iconbox-customimg img_small_size\"><img decoding=\"async\" width=\"144\" height=\"144\" src=\"https:\/\/i0.wp.com\/blog.grupoportfolio.com.br\/portfolio-formacao\/wp-content\/uploads\/sites\/3\/2020\/09\/gestao-icone-500_projetos.png?fit=144%2C144&amp;ssl=1\" class=\"attachment-full\" alt=\"\" \/><\/div><h5 class=\"service-heading\" >Mais de 5000 projetos gerenciados.<\/h5><\/div><\/div>[\/vc_column][vc_column css_animation=&#8221;fadeInDown&#8221; width=&#8221;1\/3&#8243;]<div class=\"key-icon-box icon-default icon-top cont-center with-border box-bg-color kd-animated fadeInUp caixinha\" style=\"background-color: #ffffff; border: 1px solid #a47e56;\" data-animation-delay=200><div class=\"ib-wrapper\"><div class=\"tt-iconbox-customimg img_small_size\"><img decoding=\"async\" width=\"144\" height=\"144\" src=\"https:\/\/i0.wp.com\/blog.grupoportfolio.com.br\/portfolio-formacao\/wp-content\/uploads\/sites\/3\/2020\/09\/gestao-icone-cinco_bi_investimentos.png?fit=144%2C144&amp;ssl=1\" class=\"attachment-full\" alt=\"\" \/><\/div><h5 class=\"service-heading\" >Envolvendo mais de R$ 5bi de investimentos.<\/h5><\/div><\/div>[\/vc_column][vc_column css_animation=&#8221;fadeInDown&#8221; width=&#8221;1\/3&#8243;]<div class=\"key-icon-box icon-default icon-top cont-center with-border box-bg-color kd-animated fadeInUp caixinha\" style=\"background-color: #ffffff; border: 1px solid #a47e56;\" data-animation-delay=200><div class=\"ib-wrapper\"><div class=\"tt-iconbox-customimg img_small_size\"><img decoding=\"async\" width=\"144\" height=\"144\" src=\"https:\/\/i0.wp.com\/blog.grupoportfolio.com.br\/portfolio-formacao\/wp-content\/uploads\/sites\/3\/2020\/09\/gestao-icone-impactados.png?fit=144%2C144&amp;ssl=1\" class=\"attachment-full\" alt=\"\" \/><\/div><h5 class=\"service-heading\" >Mais de 200 empresas atendidas em todo o pa\u00eds.<\/h5><\/div><\/div>[\/vc_column][vc_column][vc_empty_space height=&#8221;50px&#8221;][\/vc_column][\/vc_row][vc_row][vc_column][vc_empty_space height=&#8221;50px&#8221;]<header class=\"kd-section-title col-lg-12 text-center solid-line sep-border-width-2    \" ><h2 class=\"separator_on\" >Nossos clientes<\/h2><div class=\"kd-separator below_title\" ><div class=\"kd-separator-line\" ><\/div><\/div><h6 class=\"subtitle \" >A Portfolio Gest\u00e3o possui experi\u00eancia de atua\u00e7\u00e3o em grandes empresas de diversos segmentos.<\/h6><\/header>[vc_images_carousel images=&#8221;8232,245,244,243,242,7142,1145,7019,241,7665,7688,7690,7740,8173,7663,7254,7253,7252,7251,7250,7249,7240,7241,7242,7243,7244,7246,7247,7239,7238,7237,7236,7235,7234,7233,7232,7231,7229,7228,7227,7226,7225,7218,7219,7220,7221,7222,7223,7224,7217,7216,7215,7214,7213,7212,7210,7209,7208,7207,7206,7205,7204,7203,7194,7195,7196,7197,7198,7201,7202,7193,7192,7191,7190,7189,7188,7187,7186,7185,7184,7183,7182,7180,7172,7174,7175,7176,7177,7178,7179,1137,7020,7021,7022,7023,7024,7025,7026,7027,7029,7028,7030,7031,7032,7033,7034,7035,7036,7044,7043,7040,7041,7039,7038,7037,7045,7046,7047,7048,7134,7135,7136,7144,7143,7141,7140,7138,7137,7145,7147,7148,7152,7153,7154,7155,7163,7162,7161,7160,7159,7158,7156,7164,7165,7166,7167,7168,7169,7170&#8243; img_size=&#8221;full&#8221; onclick=&#8221;link_no&#8221; speed=&#8221;3000&#8243; slides_per_view=&#8221;4&#8243; autoplay=&#8221;yes&#8221; hide_pagination_control=&#8221;yes&#8221; hide_prev_next_buttons=&#8221;yes&#8221; wrap=&#8221;yes&#8221;][\/vc_column][\/vc_row][vc_row el_id=&#8221;cases&#8221;][vc_column][vc_empty_space height=&#8221;50px&#8221;]<header class=\"kd-section-title col-lg-8 vc_col-sm-8 text-center solid-line sep-border-width-3 120   \" ><h2 class=\"separator_on\" >Nossos cases<\/h2><div class=\"kd-separator below_title\" style=\"width:120;\"><div class=\"kd-separator-line\" ><\/div><\/div><h6 class=\"subtitle \" >Confira o detalhamento de alguns trabalhos executados com sucesso pelas nossas equipes da Portfolio Gest\u00e3o.<\/h6><\/header>[vc_empty_space height=&#8221;50px&#8221;][vc_column_text]\r\n\t<div class=\"psac-post-carousel-wrp psac-slider-and-carousel psac-clearfix\">\r\n\t\t<div class=\"psac-post-carousel owl-carousel psac-design-1\" id=\"psac-carousel-1\" data-conf=\"{&quot;slide_show&quot;:3,&quot;slide_scroll&quot;:1,&quot;dots&quot;:false,&quot;arrows&quot;:true,&quot;autoplay&quot;:true,&quot;autoplay_interval&quot;:4000,&quot;speed&quot;:600,&quot;loop&quot;:true}\">\r\n\t\t\t<div class=\"psac-post-carousel-slide\">\r\n\t<div class=\"psac-post-image-bg\" style=\" background-image: url(&#039;https:\/\/i0.wp.com\/blog.grupoportfolio.com.br\/portfolio-formacao\/wp-content\/uploads\/sites\/3\/2026\/02\/CAPA-BLOG.png?fit=800%2C600&#038;ssl=1&#039;);  height:350px; \">\r\n\t<a href=\"https:\/\/blog.grupoportfolio.com.br\/portfolio-gestao\/2026\/02\/10\/portfolio-gestao-implanta-centro-de-servicos-compartilhados-na-iap-cosmeticos\/\" class=\"psac-link-overlay\"><\/a>\r\n\t\t<div class=\"psac-post-carousel-content\">\r\n\t\t\r\n\t\t\t<h2 class=\"psac-post-title\">\r\n\t\t\t\t<a href=\"https:\/\/blog.grupoportfolio.com.br\/portfolio-gestao\/2026\/02\/10\/portfolio-gestao-implanta-centro-de-servicos-compartilhados-na-iap-cosmeticos\/\">Portfolio Gest\u00e3o implanta Centro de Servi\u00e7os Compartilhados na IAP Cosm\u00e9ticos<\/a>\r\n\t\t\t<\/h2>\r\n\r\n\t\t\t\t\t\t\t<div class=\"psac-post-meta\">\r\n\t\t\t\t\t\t\t\t\t\t\t\t\t\t\t\t<span class=\"psac-post-meta-innr psac-time\"> 10 de fevereiro de 2026 <\/span>\r\n\t\t\t\t\t\t\t\t\t<\/div>\r\n\t\t\t\t\t<\/div>\r\n\t<\/div>\r\n\t<\/div><div class=\"psac-post-carousel-slide\">\r\n\t<div class=\"psac-post-image-bg\" style=\" background-image: url(&#039;https:\/\/i0.wp.com\/blog.grupoportfolio.com.br\/portfolio-formacao\/wp-content\/uploads\/sites\/3\/2025\/09\/CASES-PORTFOLIO-GESTAO-CEARAPAR-1.jpg?fit=800%2C600&#038;ssl=1&#039;);  height:350px; \">\r\n\t<a href=\"https:\/\/blog.grupoportfolio.com.br\/portfolio-gestao\/2025\/09\/08\/cearapar-implementa-modelo-estruturado-de-gestao-de-projetos\/\" class=\"psac-link-overlay\"><\/a>\r\n\t\t<div class=\"psac-post-carousel-content\">\r\n\t\t\r\n\t\t\t<h2 class=\"psac-post-title\">\r\n\t\t\t\t<a href=\"https:\/\/blog.grupoportfolio.com.br\/portfolio-gestao\/2025\/09\/08\/cearapar-implementa-modelo-estruturado-de-gestao-de-projetos\/\">CearaPar implementa modelo estruturado de gest\u00e3o de projetos<\/a>\r\n\t\t\t<\/h2>\r\n\r\n\t\t\t\t\t\t\t<div class=\"psac-post-meta\">\r\n\t\t\t\t\t\t\t\t\t\t\t\t\t\t\t\t<span class=\"psac-post-meta-innr psac-time\"> 8 de setembro de 2025 <\/span>\r\n\t\t\t\t\t\t\t\t\t<\/div>\r\n\t\t\t\t\t<\/div>\r\n\t<\/div>\r\n\t<\/div><div class=\"psac-post-carousel-slide\">\r\n\t<div class=\"psac-post-image-bg\" style=\" background-image: url(&#039;https:\/\/i0.wp.com\/blog.grupoportfolio.com.br\/portfolio-formacao\/wp-content\/uploads\/sites\/3\/2024\/07\/CASE-AVINE.jpg?fit=800%2C600&#038;ssl=1&#039;);  height:350px; \">\r\n\t<a href=\"https:\/\/blog.grupoportfolio.com.br\/portfolio-gestao\/2024\/07\/23\/como-a-avine-esta-se-destacando-em-inovacao-na-industria-com-a-gestao-de-processos\/\" class=\"psac-link-overlay\"><\/a>\r\n\t\t<div class=\"psac-post-carousel-content\">\r\n\t\t\r\n\t\t\t<h2 class=\"psac-post-title\">\r\n\t\t\t\t<a href=\"https:\/\/blog.grupoportfolio.com.br\/portfolio-gestao\/2024\/07\/23\/como-a-avine-esta-se-destacando-em-inovacao-na-industria-com-a-gestao-de-processos\/\">Como a AVINE est\u00e1 se destacando em inova\u00e7\u00e3o na ind\u00fastria com a Gest\u00e3o de Processos<\/a>\r\n\t\t\t<\/h2>\r\n\r\n\t\t\t\t\t\t\t<div class=\"psac-post-meta\">\r\n\t\t\t\t\t\t\t\t\t\t\t\t\t\t\t\t<span class=\"psac-post-meta-innr psac-time\"> 23 de julho de 2024 <\/span>\r\n\t\t\t\t\t\t\t\t\t<\/div>\r\n\t\t\t\t\t<\/div>\r\n\t<\/div>\r\n\t<\/div><div class=\"psac-post-carousel-slide\">\r\n\t<div class=\"psac-post-image-bg\" style=\" background-image: url(&#039;https:\/\/i0.wp.com\/blog.grupoportfolio.com.br\/portfolio-formacao\/wp-content\/uploads\/sites\/3\/2022\/02\/SAO-LUIZ-1.png?fit=800%2C600&#038;ssl=1&#039;);  height:350px; \">\r\n\t<a href=\"https:\/\/blog.grupoportfolio.com.br\/portfolio-gestao\/2022\/12\/20\/implantacao-do-escritorio-de-projetos-e-processos-dos-mercadinhos-sao-luiz-e-redesenho-de-processos-do-setor-de-hortifruti\/\" class=\"psac-link-overlay\"><\/a>\r\n\t\t<div class=\"psac-post-carousel-content\">\r\n\t\t\r\n\t\t\t<h2 class=\"psac-post-title\">\r\n\t\t\t\t<a href=\"https:\/\/blog.grupoportfolio.com.br\/portfolio-gestao\/2022\/12\/20\/implantacao-do-escritorio-de-projetos-e-processos-dos-mercadinhos-sao-luiz-e-redesenho-de-processos-do-setor-de-hortifruti\/\">Implanta\u00e7\u00e3o do Escrit\u00f3rio de Projetos e Processos dos Mercadinhos S\u00e3o Luiz e redesenho de processos do setor de Hortifruti<\/a>\r\n\t\t\t<\/h2>\r\n\r\n\t\t\t\t\t\t\t<div class=\"psac-post-meta\">\r\n\t\t\t\t\t\t\t\t\t\t\t\t\t\t\t\t<span class=\"psac-post-meta-innr psac-time\"> 20 de dezembro de 2022 <\/span>\r\n\t\t\t\t\t\t\t\t\t<\/div>\r\n\t\t\t\t\t<\/div>\r\n\t<\/div>\r\n\t<\/div><div class=\"psac-post-carousel-slide\">\r\n\t<div class=\"psac-post-image-bg\" style=\" background-image: url(&#039;https:\/\/i0.wp.com\/blog.grupoportfolio.com.br\/portfolio-formacao\/wp-content\/uploads\/sites\/3\/2022\/07\/CASE-BLOG-ACO-CEARENSE.png?fit=800%2C600&#038;ssl=1&#039;);  height:350px; \">\r\n\t<a href=\"https:\/\/blog.grupoportfolio.com.br\/portfolio-gestao\/2022\/07\/08\/criacao-do-pmo-corporativo-do-grupo-aco-cearense\/\" class=\"psac-link-overlay\"><\/a>\r\n\t\t<div class=\"psac-post-carousel-content\">\r\n\t\t\r\n\t\t\t<h2 class=\"psac-post-title\">\r\n\t\t\t\t<a href=\"https:\/\/blog.grupoportfolio.com.br\/portfolio-gestao\/2022\/07\/08\/criacao-do-pmo-corporativo-do-grupo-aco-cearense\/\">Cria\u00e7\u00e3o do PMO corporativo do Grupo A\u00e7o Cearense<\/a>\r\n\t\t\t<\/h2>\r\n\r\n\t\t\t\t\t\t\t<div class=\"psac-post-meta\">\r\n\t\t\t\t\t\t\t\t\t\t\t\t\t\t\t\t<span class=\"psac-post-meta-innr psac-time\"> 8 de julho de 2022 <\/span>\r\n\t\t\t\t\t\t\t\t\t<\/div>\r\n\t\t\t\t\t<\/div>\r\n\t<\/div>\r\n\t<\/div><div class=\"psac-post-carousel-slide\">\r\n\t<div class=\"psac-post-image-bg\" style=\" background-image: url(&#039;https:\/\/i0.wp.com\/blog.grupoportfolio.com.br\/portfolio-formacao\/wp-content\/uploads\/sites\/3\/2022\/06\/CASES-BLOG-ACAL-2.png?fit=800%2C600&#038;ssl=1&#039;);  height:350px; \">\r\n\t<a href=\"https:\/\/blog.grupoportfolio.com.br\/portfolio-gestao\/2022\/06\/30\/criacao-do-pmo-corporativo-da-acal-home-center\/\" class=\"psac-link-overlay\"><\/a>\r\n\t\t<div class=\"psac-post-carousel-content\">\r\n\t\t\r\n\t\t\t<h2 class=\"psac-post-title\">\r\n\t\t\t\t<a href=\"https:\/\/blog.grupoportfolio.com.br\/portfolio-gestao\/2022\/06\/30\/criacao-do-pmo-corporativo-da-acal-home-center\/\">Cria\u00e7\u00e3o do PMO corporativo da Acal Home Center<\/a>\r\n\t\t\t<\/h2>\r\n\r\n\t\t\t\t\t\t\t<div class=\"psac-post-meta\">\r\n\t\t\t\t\t\t\t\t\t\t\t\t\t\t\t\t<span class=\"psac-post-meta-innr psac-time\"> 30 de junho de 2022 <\/span>\r\n\t\t\t\t\t\t\t\t\t<\/div>\r\n\t\t\t\t\t<\/div>\r\n\t<\/div>\r\n\t<\/div><div class=\"psac-post-carousel-slide\">\r\n\t<div class=\"psac-post-image-bg\" style=\" background-image: url(&#039;https:\/\/i0.wp.com\/blog.grupoportfolio.com.br\/portfolio-formacao\/wp-content\/uploads\/sites\/3\/2022\/03\/ENTREGA-DE-SUCESSO-APODI-BLOG.png?fit=800%2C600&#038;ssl=1&#039;);  height:350px; \">\r\n\t<a href=\"https:\/\/blog.grupoportfolio.com.br\/portfolio-gestao\/2022\/03\/15\/analise-e-redesenho-de-processos-na-companhia-de-cimento-apodi\/\" class=\"psac-link-overlay\"><\/a>\r\n\t\t<div class=\"psac-post-carousel-content\">\r\n\t\t\r\n\t\t\t<h2 class=\"psac-post-title\">\r\n\t\t\t\t<a href=\"https:\/\/blog.grupoportfolio.com.br\/portfolio-gestao\/2022\/03\/15\/analise-e-redesenho-de-processos-na-companhia-de-cimento-apodi\/\">An\u00e1lise e redesenho de processos na Companhia de Cimento Apodi\u00a0<\/a>\r\n\t\t\t<\/h2>\r\n\r\n\t\t\t\t\t\t\t<div class=\"psac-post-meta\">\r\n\t\t\t\t\t\t\t\t\t\t\t\t\t\t\t\t<span class=\"psac-post-meta-innr psac-time\"> 15 de mar\u00e7o de 2022 <\/span>\r\n\t\t\t\t\t\t\t\t\t<\/div>\r\n\t\t\t\t\t<\/div>\r\n\t<\/div>\r\n\t<\/div><div class=\"psac-post-carousel-slide\">\r\n\t<div class=\"psac-post-image-bg\" style=\" background-image: url(&#039;https:\/\/i0.wp.com\/blog.grupoportfolio.com.br\/portfolio-formacao\/wp-content\/uploads\/sites\/3\/2022\/02\/CASE-GESTAO-PRAIANO-HOTEL.png?fit=800%2C600&#038;ssl=1&#039;);  height:350px; \">\r\n\t<a href=\"https:\/\/blog.grupoportfolio.com.br\/portfolio-gestao\/2022\/02\/24\/servico-de-analise-especializada-de-processos-para-adequacao-a-lgpd-no-praiano-hotel\/\" class=\"psac-link-overlay\"><\/a>\r\n\t\t<div class=\"psac-post-carousel-content\">\r\n\t\t\r\n\t\t\t<h2 class=\"psac-post-title\">\r\n\t\t\t\t<a href=\"https:\/\/blog.grupoportfolio.com.br\/portfolio-gestao\/2022\/02\/24\/servico-de-analise-especializada-de-processos-para-adequacao-a-lgpd-no-praiano-hotel\/\">Servi\u00e7o de an\u00e1lise especializada de processos para adequa\u00e7\u00e3o \u00e0 LGPD no Praiano Hotel<\/a>\r\n\t\t\t<\/h2>\r\n\r\n\t\t\t\t\t\t\t<div class=\"psac-post-meta\">\r\n\t\t\t\t\t\t\t\t\t\t\t\t\t\t\t\t<span class=\"psac-post-meta-innr psac-time\"> 24 de fevereiro de 2022 <\/span>\r\n\t\t\t\t\t\t\t\t\t<\/div>\r\n\t\t\t\t\t<\/div>\r\n\t<\/div>\r\n\t<\/div><div class=\"psac-post-carousel-slide\">\r\n\t<div class=\"psac-post-image-bg\" style=\" background-image: url(&#039;https:\/\/i0.wp.com\/blog.grupoportfolio.com.br\/portfolio-formacao\/wp-content\/uploads\/sites\/3\/2022\/02\/SAO-LUIZ-1.png?fit=800%2C600&#038;ssl=1&#039;);  height:350px; \">\r\n\t<a href=\"https:\/\/blog.grupoportfolio.com.br\/portfolio-gestao\/2022\/02\/11\/proposta-do-novo-modelo-de-gestao-e-estrutura-organizacional-da-operacao-dos-mercadinhos-sao-luiz\/\" class=\"psac-link-overlay\"><\/a>\r\n\t\t<div class=\"psac-post-carousel-content\">\r\n\t\t\r\n\t\t\t<h2 class=\"psac-post-title\">\r\n\t\t\t\t<a href=\"https:\/\/blog.grupoportfolio.com.br\/portfolio-gestao\/2022\/02\/11\/proposta-do-novo-modelo-de-gestao-e-estrutura-organizacional-da-operacao-dos-mercadinhos-sao-luiz\/\">Proposta do novo modelo de gest\u00e3o e estrutura organizacional da Opera\u00e7\u00e3o dos Mercadinhos S\u00e3o Luiz<\/a>\r\n\t\t\t<\/h2>\r\n\r\n\t\t\t\t\t\t\t<div class=\"psac-post-meta\">\r\n\t\t\t\t\t\t\t\t\t\t\t\t\t\t\t\t<span class=\"psac-post-meta-innr psac-time\"> 11 de fevereiro de 2022 <\/span>\r\n\t\t\t\t\t\t\t\t\t<\/div>\r\n\t\t\t\t\t<\/div>\r\n\t<\/div>\r\n\t<\/div>\t\t<\/div>\r\n\t<\/div>\r\n\r\n\t[\/vc_column_text][vc_empty_space height=&#8221;30px&#8221;][vc_btn title=&#8221;VER TODOS OS CASES&#8221; style=&#8221;custom&#8221; custom_background=&#8221;#c4b388&#8243; custom_text=&#8221;#ffffff&#8221; align=&#8221;center&#8221; link=&#8221;url:https%3A%2F%2Fblog.grupoportfolio.com.br%2Fportfolio-gestao%2Fcases-portfolio-gestao%2F|title:Cases%20Portfolio%20Gest%C3%A3o&#8221;][\/vc_column][\/vc_row][vc_row full_width=&#8221;stretch_row&#8221; gap=&#8221;10&#8243; equal_height=&#8221;yes&#8221; content_placement=&#8221;bottom&#8221; disable_element=&#8221;yes&#8221; css=&#8221;.vc_custom_1622429307306{background-color: #f7f6f2 !important;}&#8221;][vc_column][vc_basic_grid post_type=&#8221;post&#8221; max_items=&#8221;30&#8243; style=&#8221;pagination&#8221; items_per_page=&#8221;3&#8243; show_filter=&#8221;yes&#8221; arrows_design=&#8221;vc_arrow-icon-arrow_01_left&#8221; arrows_position=&#8221;outside&#8221; loop=&#8221;yes&#8221; item=&#8221;masonryGrid_OverlayWithRotation&#8221; grid_id=&#8221;vc_gid:1686601568921-25c42a1b-ae90-4&#8243; taxonomies=&#8221;26, 28, 27&#8243; filter_source=&#8221;category&#8221; exclude_filter=&#8221;40&#8243;][vc_tta_tabs spacing=&#8221;&#8221; alignment=&#8221;center&#8221; active_section=&#8221;1&#8243; css_animation=&#8221;bottom-to-top&#8221; no_fill_content_area=&#8221;true&#8221;][vc_tta_section title=&#8221;Gest\u00e3o da Estrat\u00e9gia&#8221; tab_id=&#8221;1622429183452-246a21f5-362c&#8221;][vc_row_inner equal_height=&#8221;yes&#8221; content_placement=&#8221;bottom&#8221; css=&#8221;.vc_custom_1622429043194{margin-top: 30px !important;}&#8221;][vc_column_inner width=&#8221;1\/3&#8243;][vc_single_image image=&#8221;8208&#8243; img_size=&#8221;full&#8221; style=&#8221;vc_box_outline&#8221; onclick=&#8221;link_image&#8221; css_animation=&#8221;none&#8221;][\/vc_column_inner][vc_column_inner width=&#8221;2\/3&#8243;][vc_single_image image=&#8221;8327&#8243; img_size=&#8221;120&#215;120&#8243; css_animation=&#8221;none&#8221; css=&#8221;.vc_custom_1601441345527{}&#8221;]<header class=\"kd-section-title col-lg-12 text-left solid-line sep-border-width-3    \" ><h4 class=\"separator_on\" >Secretaria de Prote\u00e7\u00e3o Social, Justi\u00e7a, Cidadania, Mulheres e Direitos Humanos (SPS)<\/h4><div class=\"kd-separator below_title\" ><div class=\"kd-separator-line\" ><\/div><\/div><\/header>[vc_column_text]<span data-contrast=\"auto\">O <strong>Grupo Portfolio<\/strong> conduziu o Planejamento Estrat\u00e9gico da Secretaria de Prote\u00e7\u00e3o Social, Justi\u00e7a, Cidadania, Mulheres e Direitos Humanos (SPS). <\/span><\/p>\n<p><span data-contrast=\"auto\">Todas as pastas da Secretaria participaram do trabalho atrav\u00e9s de din\u00e2micas para a constru\u00e7\u00e3o da arquitetura de projetos, al\u00e9m do levantamento de oportunidades de melhoria, da defini\u00e7\u00e3o de objetivos estrat\u00e9gicos e dos indicadores e metas para a secretaria, visando os pr\u00f3ximos 2 anos.<\/span><\/p>\n<p><span data-contrast=\"auto\">O trabalho gerou uma entrega de grande relev\u00e2ncia para a SPS, portanto, contribuindo para o plano de futuro da Secretaria de forma estruturada e direcionada aos objetivos tra\u00e7ados.<\/span><\/p>\n<div id=\"accelSnackbar\"><\/div>\n<p>[\/vc_column_text][\/vc_column_inner][\/vc_row_inner][vc_empty_space height=&#8221;30px&#8221;][vc_row_inner equal_height=&#8221;yes&#8221; content_placement=&#8221;middle&#8221; css=&#8221;.vc_custom_1602036604586{margin-top: 30px !important;}&#8221;][vc_column_inner width=&#8221;1\/3&#8243;][vc_single_image image=&#8221;8518&#8243; img_size=&#8221;full&#8221; style=&#8221;vc_box_outline&#8221; onclick=&#8221;link_image&#8221; css_animation=&#8221;none&#8221;][\/vc_column_inner][vc_column_inner width=&#8221;2\/3&#8243;][vc_single_image image=&#8221;7235&#8243; img_size=&#8221;120&#215;60&#8243; css_animation=&#8221;none&#8221; css=&#8221;.vc_custom_1600657674120{}&#8221;]<header class=\"kd-section-title col-lg-12 text-left solid-line sep-border-width-3    \" ><h4 class=\"separator_on\" >Solar<\/h4><div class=\"kd-separator below_title\" ><div class=\"kd-separator-line\" ><\/div><\/div><\/header>[vc_column_text]O <strong>Grupo Portfolio<\/strong> executou um projeto estrat\u00e9gico na Solar Coca-Cola, para apoiar a estrutura\u00e7\u00e3o de algumas \u00e1reas da empresa. O projeto foi de extrema relev\u00e2ncia e apoiou mudan\u00e7as estrat\u00e9gicas na SOLAR, que j\u00e1 \u00e9 o segundo maior fabricante do Sistema Coca-Cola no Brasil, e um dos 15 maiores fabricantes do Sistema Coca-Cola no mundo.<\/p>\n<div id=\"accelSnackbar\"><\/div>\n<p>[\/vc_column_text][\/vc_column_inner][\/vc_row_inner][\/vc_tta_section][vc_tta_section title=&#8221;Gest\u00e3o de Processos&#8221; tab_id=&#8221;1622429185909-99fc9410-9257&#8243;][vc_row_inner equal_height=&#8221;yes&#8221; content_placement=&#8221;middle&#8221; css=&#8221;.vc_custom_1602036837370{margin-top: 30px !important;}&#8221;][vc_column_inner width=&#8221;1\/3&#8243;][vc_single_image image=&#8221;8203&#8243; img_size=&#8221;full&#8221; style=&#8221;vc_box_outline&#8221; onclick=&#8221;link_image&#8221; css_animation=&#8221;none&#8221;][\/vc_column_inner][vc_column_inner width=&#8221;2\/3&#8243;][vc_single_image image=&#8221;8325&#8243; img_size=&#8221;144X72&#8243; css_animation=&#8221;none&#8221; css=&#8221;.vc_custom_1601441405670{}&#8221;]<header class=\"kd-section-title col-lg-12 text-left solid-line sep-border-width-3    \" ><h4 class=\"separator_on\" >Procuradoria Geral do Munic\u00edpio<\/h4><div class=\"kd-separator below_title\" ><div class=\"kd-separator-line\" ><\/div><\/div><\/header>[vc_column_text]A <strong>Portfolio Gest\u00e3o<\/strong> implantou o Projeto An\u00e1lise e Redesenho dos Processos na PGM Fortaleza. O projeto teve como objetivo a melhoria dos processos internos da PGM, de modo a aumentar o \u00edndice de retorno da D\u00edvida Ativa.<\/p>\n<p>Atrav\u00e9s do desenvolvimento da arquitetura de processos, 16 (dezesseis) processos foram priorizados e transformados de acordo com os direcionadores de ganhos e com o objetivo principal do projeto \u201caumento e otimiza\u00e7\u00e3o da produtividade e da arrecada\u00e7\u00e3o da d\u00edvida ativa\u201d.<\/p>\n<p>O redesenho dos processos e as melhorias propostas trouxeram um diferencial \u00e0 opera\u00e7\u00e3o da PGM.<\/p>\n<div id=\"accelSnackbar\"><\/div>\n<p>[\/vc_column_text][\/vc_column_inner][\/vc_row_inner][vc_row_inner content_placement=&#8221;middle&#8221; css=&#8221;.vc_custom_1602036843411{margin-top: 30px !important;}&#8221;][vc_column_inner width=&#8221;1\/3&#8243;][vc_single_image image=&#8221;8194&#8243; img_size=&#8221;full&#8221; style=&#8221;vc_box_outline&#8221; onclick=&#8221;link_image&#8221; css_animation=&#8221;none&#8221;][\/vc_column_inner][vc_column_inner width=&#8221;2\/3&#8243;][vc_single_image image=&#8221;7038&#8243; img_size=&#8221;120X60&#8243; css_animation=&#8221;none&#8221; css=&#8221;.vc_custom_1600657723913{}&#8221;]<header class=\"kd-section-title col-lg-12 text-left solid-line sep-border-width-3    \" ><h4 class=\"separator_on\" >Bet\u00e2nia L\u00e1cteos<\/h4><div class=\"kd-separator below_title\" ><div class=\"kd-separator-line\" ><\/div><\/div><\/header>[vc_column_text]O <strong>Grupo Portfolio<\/strong> implantou as metodologias para estrutura\u00e7\u00e3o e evolu\u00e7\u00e3o dos Escrit\u00f3rios de Projetos e Processos da Bet\u00e2nia L\u00e1cteos (PMO e BPMO), por meio da sua metodologia pr\u00f3pria o ID3E (Inicia\u00e7\u00e3o, Diagn\u00f3stico, Estrutura\u00e7\u00e3o, Evolu\u00e7\u00e3o e Encerramento), que direciona a implanta\u00e7\u00e3o em formato incremental e evolutivo.<br \/>\nAs metodologias relacionadas foram formadas por processos, procedimentos\/fluxos, pap\u00e9is e responsabilidades, m\u00e9tricas e indicadores de desempenho.<\/p>\n<div id=\"accelSnackbar\"><\/div>\n<p>[\/vc_column_text][\/vc_column_inner][\/vc_row_inner][vc_row_inner content_placement=&#8221;middle&#8221; css=&#8221;.vc_custom_1602036849114{margin-top: 30px !important;}&#8221;][vc_column_inner width=&#8221;1\/3&#8243;][vc_single_image image=&#8221;8196&#8243; img_size=&#8221;full&#8221; style=&#8221;vc_box_outline&#8221; onclick=&#8221;link_image&#8221; css_animation=&#8221;none&#8221;][\/vc_column_inner][vc_column_inner width=&#8221;2\/3&#8243;][vc_single_image image=&#8221;7046&#8243; img_size=&#8221;120X60&#8243; css_animation=&#8221;none&#8221; css=&#8221;.vc_custom_1600657740553{}&#8221;]<header class=\"kd-section-title col-lg-12 text-left solid-line sep-border-width-3    \" ><h4 class=\"separator_on\" >Casa dos Ventos<\/h4><div class=\"kd-separator below_title\" ><div class=\"kd-separator-line\" ><\/div><\/div><\/header>[vc_column_text]A Casa dos Ventos \u00e9 uma das pioneiras no ramo de energia sustent\u00e1vel em todo o Brasil, sendo uma das principais investidoras do pa\u00eds no ramo de energia e\u00f3lica e \u00e9 refer\u00eancia no setor.<\/p>\n<p>O <strong>Grupo Portfolio<\/strong> realizou o trabalho de apoio \u00e0 sele\u00e7\u00e3o de um novo ERP, por meio do entendimento e an\u00e1lise dos processos, o que proporcionou \u00e0 Casa dos Ventos o mapeamento e identifica\u00e7\u00e3o de melhorias para cada processo envolvido, al\u00e9m da estrutura\u00e7\u00e3o dos requisitos para serem atendidos pelo novo ERP.<\/p>\n<p>Com a execu\u00e7\u00e3o deste trabalho, foi poss\u00edvel uma an\u00e1lise mais assertiva dos fornecedores e dos sistemas, visto que foi identificado o percentual de ader\u00eancia de cada ERP e Fornecedor \u00e0 necessidade da Casa dos Ventos.<\/p>\n<div id=\"accelSnackbar\"><\/div>\n<p>[\/vc_column_text][\/vc_column_inner][\/vc_row_inner][vc_row_inner content_placement=&#8221;middle&#8221; css=&#8221;.vc_custom_1602036854818{margin-top: 30px !important;}&#8221;][vc_column_inner width=&#8221;1\/3&#8243;][vc_single_image image=&#8221;8193&#8243; img_size=&#8221;full&#8221; style=&#8221;vc_box_outline&#8221; onclick=&#8221;link_image&#8221; css_animation=&#8221;none&#8221;][\/vc_column_inner][vc_column_inner width=&#8221;2\/3&#8243;][vc_single_image image=&#8221;241&#8243; img_size=&#8221;120X60&#8243; css_animation=&#8221;none&#8221; css=&#8221;.vc_custom_1600657779288{}&#8221;]<header class=\"kd-section-title col-lg-12 text-left solid-line sep-border-width-3    \" ><h4 class=\"separator_on\" >Athena Sa\u00fade<\/h4><div class=\"kd-separator below_title\" ><div class=\"kd-separator-line\" ><\/div><\/div><\/header>[vc_column_text]O <strong>Grupo Portfolio<\/strong> realizou na Athena Sa\u00fade, uma das maiores empresas de sa\u00fade suplementar do pa\u00eds, a transforma\u00e7\u00e3o do processo de faturamento de benefici\u00e1rio. O trabalho envolveu as \u00e1reas: Comercial, Cadastro, Faturamento e P\u00f3s Venda.<\/p>\n<p>Como resultado, foi poss\u00edvel a padroniza\u00e7\u00e3o das regras de cadastro e comunica\u00e7\u00e3o e a estrutura\u00e7\u00e3o de um plano para a implementa\u00e7\u00e3o de melhorias identificadas nos processos envolvidos.<\/p>\n<div id=\"accelSnackbar\"><\/div>\n<p>[\/vc_column_text][\/vc_column_inner][\/vc_row_inner][vc_row_inner content_placement=&#8221;middle&#8221; css=&#8221;.vc_custom_1602036865742{margin-top: 30px !important;}&#8221;][vc_column_inner width=&#8221;1\/3&#8243;][vc_single_image image=&#8221;8210&#8243; img_size=&#8221;full&#8221; style=&#8221;vc_box_outline&#8221; onclick=&#8221;link_image&#8221; css_animation=&#8221;none&#8221;][\/vc_column_inner][vc_column_inner width=&#8221;2\/3&#8243;][vc_single_image image=&#8221;8232&#8243; img_size=&#8221;120X60&#8243; css_animation=&#8221;none&#8221; css=&#8221;.vc_custom_1600658876187{}&#8221;]<header class=\"kd-section-title col-lg-12 text-left solid-line sep-border-width-3    \" ><h4 class=\"separator_on\" >Vicunha T\u00eaxtil<\/h4><div class=\"kd-separator below_title\" ><div class=\"kd-separator-line\" ><\/div><\/div><\/header>[vc_column_text]Com 50 anos de mercado, a Vicunha T\u00eaxtil \u00e9 uma das maiores ind\u00fastrias t\u00eaxteis do mundo e l\u00edder em diversos segmentos, estando entre os principais fabricantes mundiais de \u00edndigos e brins. A empresa possui unidades espalhadas em diversos estados do Brasil, al\u00e9m de uma f\u00e1brica no Equador e outra na Argentina e filiais de vendas na Am\u00e9rica do Sul e Europa.<\/p>\n<p>Realizamos a implanta\u00e7\u00e3o de processos de inicia\u00e7\u00e3o, planejamento e controle de projetos no setor de Tecnologia da Informa\u00e7\u00e3o, al\u00e9m de incluir capacita\u00e7\u00e3o e assessoria em gest\u00e3o.<\/p>\n<div id=\"accelSnackbar\"><\/div>\n<p>[\/vc_column_text][\/vc_column_inner][\/vc_row_inner][vc_row_inner content_placement=&#8221;middle&#8221; css=&#8221;.vc_custom_1602036871716{margin-top: 30px !important;}&#8221;][vc_column_inner width=&#8221;1\/3&#8243;][vc_single_image image=&#8221;8199&#8243; img_size=&#8221;full&#8221; style=&#8221;vc_box_outline&#8221; onclick=&#8221;link_image&#8221; css_animation=&#8221;fadeIn&#8221;][\/vc_column_inner][vc_column_inner width=&#8221;2\/3&#8243;][vc_single_image image=&#8221;7164&#8243; img_size=&#8221;120X60&#8243; css_animation=&#8221;none&#8221; css=&#8221;.vc_custom_1600657839348{}&#8221;]<header class=\"kd-section-title col-lg-12 text-left solid-line sep-border-width-3    \" ><h4 class=\"separator_on\" >Flexwind<\/h4><div class=\"kd-separator below_title\" ><div class=\"kd-separator-line\" ><\/div><\/div><\/header>[vc_column_text]O <strong>Grupo Portfolio<\/strong> apoiou a Flex Wind, empresa com s\u00f3lida atua\u00e7\u00e3o em solu\u00e7\u00f5es de energia e\u00f3lica, na sele\u00e7\u00e3o de um novo sistema, atrav\u00e9s do entendimento dos processos envolvidos e com proposi\u00e7\u00e3o de melhorias para a opera\u00e7\u00e3o.<\/p>\n<p>Com o trabalho realizado, foi obtida uma maior assertividade na escolha do sistema para auxiliar as \u00e1reas de backoffice da empresa.<\/p>\n<div id=\"accelSnackbar\"><\/div>\n<p>[\/vc_column_text][\/vc_column_inner][\/vc_row_inner][vc_row_inner content_placement=&#8221;middle&#8221; css=&#8221;.vc_custom_1602036878140{margin-top: 30px !important;}&#8221;][vc_column_inner width=&#8221;1\/3&#8243;][vc_single_image image=&#8221;8197&#8243; img_size=&#8221;full&#8221; style=&#8221;vc_box_outline&#8221; onclick=&#8221;link_image&#8221; css_animation=&#8221;none&#8221;][\/vc_column_inner][vc_column_inner width=&#8221;2\/3&#8243;][vc_single_image image=&#8221;7142&#8243; img_size=&#8221;120X60&#8243; css_animation=&#8221;none&#8221; css=&#8221;.vc_custom_1600657857712{}&#8221;]<header class=\"kd-section-title col-lg-12 text-left solid-line sep-border-width-3    \" ><h4 class=\"separator_on\" >Complexo Stimma<\/h4><div class=\"kd-separator below_title\" ><div class=\"kd-separator-line\" ><\/div><\/div><\/header>[vc_column_text]O complexo Stimma \u00e9 o maior complexo de sa\u00fade, est\u00e9tica e bem-estar do Cear\u00e1. A empresa conta com diversas especialidades como: cirurgia pl\u00e1stica, nutrologia, dermatologia, est\u00e9tica, nutri\u00e7\u00e3o e odontologia.<\/p>\n<p>O <strong>Grupo Portfolio<\/strong> realizou a transforma\u00e7\u00e3o dos processos relacionados \u00e0 jornada do cliente no Complexo Stimma, o que proporcionou a otimiza\u00e7\u00e3o e gerenciamento das atividades envolvidas.<\/p>\n<div id=\"accelSnackbar\"><\/div>\n<p>[\/vc_column_text][\/vc_column_inner][\/vc_row_inner][vc_row_inner content_placement=&#8221;middle&#8221; css=&#8221;.vc_custom_1602036883990{margin-top: 30px !important;}&#8221;][vc_column_inner width=&#8221;1\/3&#8243;][vc_single_image image=&#8221;8209&#8243; img_size=&#8221;full&#8221; style=&#8221;vc_box_outline&#8221; onclick=&#8221;link_image&#8221; css_animation=&#8221;none&#8221;][\/vc_column_inner][vc_column_inner width=&#8221;2\/3&#8243;][vc_single_image image=&#8221;7202&#8243; img_size=&#8221;120X60&#8243; css_animation=&#8221;none&#8221; css=&#8221;.vc_custom_1600657882226{}&#8221;]<header class=\"kd-section-title col-lg-12 text-left solid-line sep-border-width-3    \" ><h4 class=\"separator_on\" >Mercadinho S\u00e3o Luiz<\/h4><div class=\"kd-separator below_title\" ><div class=\"kd-separator-line\" ><\/div><\/div><\/header>[vc_column_text]O <strong>Grupo Portfolio<\/strong> implantou o projeto de transforma\u00e7\u00e3o de processos no Mercadinho S\u00e3o Luiz, empresa com 49 anos de exist\u00eancia e que possui uma das maiores cadeias de supermercados do estado do Cear\u00e1.<\/p>\n<p>O projeto teve foco no redesenho dos processos de Abastecimento e Negocia\u00e7\u00e3o de Produtos.<\/p>\n<p>Com o trabalho realizado, os processos de neg\u00f3cio foram estruturados de forma a atender as necessidades identificadas, para uma melhor log\u00edstica de trabalho e com modelo padr\u00e3o do neg\u00f3cio para replicar em outras unidades.<\/p>\n<div id=\"accelSnackbar\"><\/div>\n<p>[\/vc_column_text][\/vc_column_inner][\/vc_row_inner][vc_row_inner content_placement=&#8221;middle&#8221; css=&#8221;.vc_custom_1602036889659{margin-top: 30px !important;}&#8221;][vc_column_inner width=&#8221;1\/3&#8243;][vc_single_image image=&#8221;8198&#8243; img_size=&#8221;full&#8221; style=&#8221;vc_box_outline&#8221; onclick=&#8221;link_image&#8221; css_animation=&#8221;none&#8221;][\/vc_column_inner][vc_column_inner width=&#8221;2\/3&#8243;][vc_single_image image=&#8221;245&#8243; img_size=&#8221;120X60&#8243; css_animation=&#8221;none&#8221; css=&#8221;.vc_custom_1600657907966{}&#8221;]<header class=\"kd-section-title col-lg-12 text-left solid-line sep-border-width-3    \" ><h4 class=\"separator_on\" >Organiza\u00e7\u00e3o Educacional Farias Brito<\/h4><div class=\"kd-separator below_title\" ><div class=\"kd-separator-line\" ><\/div><\/div><\/header>[vc_column_text]O Grupo Portfolio realizou a transforma\u00e7\u00e3o dos processos de Movimenta\u00e7\u00e3o de Pessoal, Gest\u00e3o de Contratos, Gest\u00e3o de Demandas Jur\u00eddicas e Gest\u00e3o de Demandas de Viagens.<\/p>\n<p>O foco principal do projeto foi a otimiza\u00e7\u00e3o das atividades com a automa\u00e7\u00e3o de algumas etapas, reduzindo os passos manuais existentes nos processos.<\/p>\n<p>Todo o redesenho dos processos foi direcionado \u00e0 automa\u00e7\u00e3o via Lecom BPM, com a implementa\u00e7\u00e3o do BPMS sendo realizado pela pr\u00f3pria equipe do OEFB.<\/p>\n<p>Como resultado, foi poss\u00edvel reduzir significativamente a tramita\u00e7\u00e3o de documentos f\u00edsicos entre unidades, e melhorar a din\u00e2mica e a interrela\u00e7\u00e3o das \u00e1reas envolvidas nos processos.<\/p>\n<div id=\"accelSnackbar\"><\/div>\n<p>[\/vc_column_text][\/vc_column_inner][\/vc_row_inner][\/vc_tta_section][vc_tta_section title=&#8221;Gest\u00e3o de Projetos&#8221; tab_id=&#8221;1622429196983-e337adf5-995a&#8221;][vc_row_inner content_placement=&#8221;middle&#8221; css=&#8221;.vc_custom_1602036757810{margin-top: 30px !important;}&#8221;][vc_column_inner width=&#8221;1\/3&#8243;][vc_single_image image=&#8221;8338&#8243; img_size=&#8221;full&#8221; alignment=&#8221;right&#8221; style=&#8221;vc_box_outline&#8221; onclick=&#8221;link_image&#8221; css_animation=&#8221;fadeIn&#8221;][\/vc_column_inner][vc_column_inner width=&#8221;2\/3&#8243;][vc_single_image image=&#8221;7251&#8243; img_size=&#8221;120X60&#8243; css_animation=&#8221;none&#8221; css=&#8221;.vc_custom_1600657978143{}&#8221;]<header class=\"kd-section-title col-lg-12 text-left solid-line sep-border-width-3    \" ><h4 class=\"separator_on\" >Unimed Fortaleza<\/h4><div class=\"kd-separator below_title\" ><div class=\"kd-separator-line\" ><\/div><\/div><\/header>[vc_column_text]O <strong>Grupo Portfolio<\/strong> realiza o gerenciamento dos projetos estrat\u00e9gicos da Unimed Fortaleza com foco na maximiza\u00e7\u00e3o de resultados e na evolu\u00e7\u00e3o operacional.<\/p>\n<p>Os projetos s\u00e3o conduzidos utilizando modelos de gest\u00e3o especializados, que garante o adequado controle do escopo, tempo e custo, obtendo resultados consistentes.<\/p>\n<p>Alguns dos projetos gerenciados pela equipe do Grupo Portfolio: Implanta\u00e7\u00e3o do Hospital Materno Infantil da Unimed Fortaleza, Urg\u00eancia e Emerg\u00eancia, Medicina Preventiva, Telemedicina, Preven\u00e7\u00e3o a Perdas, dentre outros.<\/p>\n<div id=\"accelSnackbar\"><\/div>\n<p>[\/vc_column_text][\/vc_column_inner][\/vc_row_inner][vc_row_inner content_placement=&#8221;middle&#8221; css=&#8221;.vc_custom_1602036763558{margin-top: 30px !important;}&#8221;][vc_column_inner width=&#8221;1\/3&#8243;][vc_single_image image=&#8221;8194&#8243; img_size=&#8221;full&#8221; alignment=&#8221;right&#8221; style=&#8221;vc_box_outline&#8221; onclick=&#8221;link_image&#8221; css_animation=&#8221;none&#8221;][\/vc_column_inner][vc_column_inner width=&#8221;2\/3&#8243;][vc_single_image image=&#8221;7038&#8243; img_size=&#8221;120X60&#8243; css_animation=&#8221;none&#8221; css=&#8221;.vc_custom_1600657996787{}&#8221;]<header class=\"kd-section-title col-lg-12 text-left solid-line sep-border-width-3    \" ><h4 class=\"separator_on\" >Bet\u00e2nia L\u00e1cteos<\/h4><div class=\"kd-separator below_title\" ><div class=\"kd-separator-line\" ><\/div><\/div><\/header>[vc_column_text]<\/p>\n<p style=\"text-align: left;\">O <strong>Grupo Portfolio<\/strong> implantou as metodologias para estrutura\u00e7\u00e3o e evolu\u00e7\u00e3o dos Escrit\u00f3rios de Projetos e Processos da Bet\u00e2nia L\u00e1cteos (PMO e BPMO), por meio da sua metodologia pr\u00f3pria o ID3E (Inicia\u00e7\u00e3o, Diagn\u00f3stico, Estrutura\u00e7\u00e3o, Evolu\u00e7\u00e3o e Encerramento), que direciona a implanta\u00e7\u00e3o em formato incremental e evolutivo.<br \/>\nAs metodologias relacionadas foram formadas por processos, procedimentos\/fluxos, pap\u00e9is e responsabilidades, m\u00e9tricas e indicadores de desempenho.<\/p>\n<div id=\"accelSnackbar\"><\/div>\n<p>[\/vc_column_text][\/vc_column_inner][\/vc_row_inner][vc_row_inner content_placement=&#8221;middle&#8221; css=&#8221;.vc_custom_1602036768868{margin-top: 30px !important;}&#8221;][vc_column_inner width=&#8221;1\/3&#8243;][vc_single_image image=&#8221;8205&#8243; img_size=&#8221;full&#8221; alignment=&#8221;right&#8221; style=&#8221;vc_box_outline&#8221; onclick=&#8221;link_image&#8221; css_animation=&#8221;fadeIn&#8221;][\/vc_column_inner][vc_column_inner width=&#8221;2\/3&#8243;][vc_single_image image=&#8221;8326&#8243; img_size=&#8221;120X120&#8243; css_animation=&#8221;none&#8221; css=&#8221;.vc_custom_1601441585494{}&#8221;]<header class=\"kd-section-title col-lg-12 text-left solid-line sep-border-width-3    \" ><h4 class=\"separator_on\" >Secretaria de Desenvolvimento Agr\u00e1rio<\/h4><div class=\"kd-separator below_title\" ><div class=\"kd-separator-line\" ><\/div><\/div><\/header>[vc_column_text]A Secretaria do Desenvolvimento Agr\u00e1rio, \u00d3rg\u00e3o da Administra\u00e7\u00e3o Direta do Governo do Estado do Cear\u00e1, tem por finalidade planejar, coordenar e executar, diretamente ou atrav\u00e9s das suas Vinculadas, as a\u00e7\u00f5es do Governo para o desenvolvimento da agropecu\u00e1ria, mediante apoio \u00e0 agricultura familiar.<\/p>\n<p>O <strong>Grupo Portf\u00f3lio<\/strong> estruturou a gest\u00e3o do portf\u00f3lio de projetos da Secretaria com a aplica\u00e7\u00e3o de treinamentos em gest\u00e3o e o arranjo institucional para a cultura de gerenciamento de projetos, bem como a implanta\u00e7\u00e3o de metodologia de gerenciamento do portf\u00f3lio, a melhoria de m\u00e9todos e gest\u00e3o da Unidade de Gerenciamento de Projetos, a estrutura\u00e7\u00e3o do portf\u00f3lio de projetos e a assessoria direta ao escrit\u00f3rio de projetos.<\/p>\n<div id=\"accelSnackbar\"><\/div>\n<p>[\/vc_column_text][\/vc_column_inner][\/vc_row_inner][vc_row_inner content_placement=&#8221;middle&#8221; css=&#8221;.vc_custom_1602036817840{margin-top: 30px !important;}&#8221;][vc_column_inner width=&#8221;1\/3&#8243;][vc_single_image image=&#8221;8206&#8243; img_size=&#8221;full&#8221; alignment=&#8221;right&#8221; style=&#8221;vc_box_outline&#8221; onclick=&#8221;link_image&#8221; css_animation=&#8221;fadeIn&#8221;][\/vc_column_inner][vc_column_inner width=&#8221;2\/3&#8243;][vc_single_image image=&#8221;7233&#8243; img_size=&#8221;120X60&#8243; css_animation=&#8221;none&#8221; css=&#8221;.vc_custom_1600658019508{}&#8221;]<header class=\"kd-section-title col-lg-12 text-left solid-line sep-border-width-3    \" ><h4 class=\"separator_on\" >Sistema Verdes Mares<\/h4><div class=\"kd-separator below_title\" ><div class=\"kd-separator-line\" ><\/div><\/div><\/header>[vc_column_text]A <strong>Portfolio Gest\u00e3o,<\/strong> juntamente com a <strong>Portfolio Tech<\/strong>, realizaram a implanta\u00e7\u00e3o do Escrit\u00f3rio de Gerenciamento de Projetos (PMO) e gerenciamento de projetos no setor de TI no Sistema Verdes Mares, al\u00e9m da implanta\u00e7\u00e3o de metodologia de self-service BI, com ferramenta de Power BI.<\/p>\n<p>Tamb\u00e9m foi prestado o assessoramento \u00e0 equipe do N\u00facleo de Pesquisa de M\u00eddias no desenvolvimento dos Dashboards para utiliza\u00e7\u00e3o em relat\u00f3rios, pesquisas, infogr\u00e1ficos e produ\u00e7\u00e3o de conte\u00fado para publicidade e jornalismo.<\/p>\n<div id=\"accelSnackbar\"><\/div>\n<p>[\/vc_column_text][\/vc_column_inner][\/vc_row_inner][vc_row_inner content_placement=&#8221;middle&#8221; css=&#8221;.vc_custom_1602036812395{margin-top: 30px !important;}&#8221;][vc_column_inner width=&#8221;1\/3&#8243;][vc_single_image image=&#8221;8336&#8243; img_size=&#8221;full&#8221; alignment=&#8221;right&#8221; style=&#8221;vc_box_outline&#8221; onclick=&#8221;link_image&#8221; css_animation=&#8221;fadeIn&#8221;][\/vc_column_inner][vc_column_inner width=&#8221;2\/3&#8243;][vc_single_image image=&#8221;7177&#8243; img_size=&#8221;120X60&#8243; css_animation=&#8221;none&#8221; css=&#8221;.vc_custom_1600658036084{}&#8221;]<header class=\"kd-section-title col-lg-12 text-left solid-line sep-border-width-3    \" ><h4 class=\"separator_on\" >Hapvida<\/h4><div class=\"kd-separator below_title\" ><div class=\"kd-separator-line\" ><\/div><\/div><\/header>[vc_column_text]O <strong>Grupo Portfolio<\/strong> realizou a implanta\u00e7\u00e3o do Escrit\u00f3rio de Gerenciamento de Projetos (PMO) do Hapvida Sa\u00fade.<br \/>\nCom a iniciativa, os projetos de todas as \u00e1reas do Hapvida passaram a ser gerenciados atrav\u00e9s da metodologia desenvolvida, obtendo uma gest\u00e3o estruturada e direcionada aos objetivos estrat\u00e9gicos da organiza\u00e7\u00e3o.<\/p>\n<div id=\"accelSnackbar\"><\/div>\n<p>[\/vc_column_text][\/vc_column_inner][\/vc_row_inner][vc_empty_space height=&#8221;50px&#8221;][vc_row_inner content_placement=&#8221;middle&#8221; css=&#8221;.vc_custom_1602036806893{margin-top: 30px !important;}&#8221;][vc_column_inner width=&#8221;1\/3&#8243;][vc_single_image image=&#8221;8200&#8243; img_size=&#8221;full&#8221; style=&#8221;vc_box_outline&#8221; onclick=&#8221;link_image&#8221; css_animation=&#8221;fadeIn&#8221;][\/vc_column_inner][vc_column_inner width=&#8221;2\/3&#8243;][vc_single_image image=&#8221;7215&#8243; img_size=&#8221;120X60&#8243; css_animation=&#8221;none&#8221; css=&#8221;.vc_custom_1600658082259{}&#8221;]<header class=\"kd-section-title col-lg-12 text-left solid-line sep-border-width-3    \" ><h4 class=\"separator_on\" >Pole Alimentos<\/h4><div class=\"kd-separator below_title\" ><div class=\"kd-separator-line\" ><\/div><\/div><\/header>[vc_column_text]O Grupo Portfolio realizou a an\u00e1lise para a Jornada do Cliente com a elabora\u00e7\u00e3o do diagn\u00f3stico de melhoria da rotina de entrega da Pole Alimentos.<\/p>\n<p>Em 2021, a Portfolio Gest\u00e3o iniciou o servi\u00e7o especializado em Planejamento Estrat\u00e9gico, com a utiliza\u00e7\u00e3o da estrutura de OKR &#8211; Objectives and Key Results &#8211; e a cria\u00e7\u00e3o do Portf\u00f3lio de Projetos para a empresa.<\/p>\n<p>Nos orgulhamos em ter a oportunidade de contribuir para o crescimento dessa empresa que \u00e9 sin\u00f4nimo de qualidade, com marcas consolidadas em todo o estado (Granja Regina e Gostosinha).<\/p>\n<p>[\/vc_column_text][\/vc_column_inner][\/vc_row_inner][\/vc_tta_section][\/vc_tta_tabs][vc_empty_space height=&#8221;100px&#8221;][\/vc_column][\/vc_row][vc_row full_width=&#8221;stretch_row&#8221; gap=&#8221;10&#8243; content_placement=&#8221;bottom&#8221; disable_element=&#8221;yes&#8221;][vc_column][vc_tta_tabs spacing=&#8221;&#8221; alignment=&#8221;center&#8221; active_section=&#8221;1&#8243; css_animation=&#8221;bottom-to-top&#8221; no_fill_content_area=&#8221;true&#8221;][vc_tta_section title=&#8221;Gest\u00e3o da Estrat\u00e9gia&#8221; tab_id=&#8221;1622429251135-63e400f9-a710&#8243;][vc_row_inner equal_height=&#8221;yes&#8221; content_placement=&#8221;bottom&#8221; css=&#8221;.vc_custom_1622429043194{margin-top: 30px !important;}&#8221;][vc_column_inner width=&#8221;1\/3&#8243;][vc_single_image image=&#8221;8208&#8243; img_size=&#8221;full&#8221; style=&#8221;vc_box_outline&#8221; onclick=&#8221;link_image&#8221; css_animation=&#8221;none&#8221;][\/vc_column_inner][vc_column_inner width=&#8221;2\/3&#8243;]<header class=\"kd-section-title col-lg-12 text-left solid-line sep-border-width-3    \" ><h4 class=\"separator_on\" >Secretaria de Prote\u00e7\u00e3o Social, Justi\u00e7a, Cidadania, Mulheres e Direitos Humanos (SPS)<\/h4><div class=\"kd-separator below_title\" ><div class=\"kd-separator-line\" ><\/div><\/div><\/header>[vc_column_text]<span data-contrast=\"auto\">O <strong>Grupo Portfolio<\/strong> conduziu o Planejamento Estrat\u00e9gico da Secretaria de Prote\u00e7\u00e3o Social, Justi\u00e7a, Cidadania, Mulheres e Direitos Humanos (SPS). <\/span><\/p>\n<p><span data-contrast=\"auto\">Todas as pastas da Secretaria participaram do trabalho atrav\u00e9s de din\u00e2micas para a constru\u00e7\u00e3o da arquitetura de projetos, al\u00e9m do levantamento de oportunidades de melhoria, da defini\u00e7\u00e3o de objetivos estrat\u00e9gicos e dos indicadores e metas para a secretaria, visando os pr\u00f3ximos 2 anos.<\/span><\/p>\n<p><span data-contrast=\"auto\">O trabalho gerou uma entrega de grande relev\u00e2ncia para a SPS, portanto, contribuindo para o plano de futuro da Secretaria de forma estruturada e direcionada aos objetivos tra\u00e7ados.<\/span><\/p>\n<div id=\"accelSnackbar\"><a href=\"https:\/\/blog.grupoportfolio.com.br\/portfolio-gestao\/2021\/11\/23\/case-planejamento-estrategico-da-secretaria-de-protecao-social-justica-cidadania-mulheres-e-direitos-humanos-sps\/\" target=\"_blank\" rel=\"noopener\">Saiba Mais<\/a><\/div>\n<p>[\/vc_column_text][\/vc_column_inner][\/vc_row_inner][vc_empty_space height=&#8221;30px&#8221;][vc_row_inner equal_height=&#8221;yes&#8221; content_placement=&#8221;middle&#8221; css=&#8221;.vc_custom_1602036604586{margin-top: 30px !important;}&#8221;][vc_column_inner width=&#8221;1\/3&#8243;][vc_single_image image=&#8221;8387&#8243; img_size=&#8221;full&#8221; style=&#8221;vc_box_outline&#8221; onclick=&#8221;link_image&#8221; css_animation=&#8221;none&#8221;][\/vc_column_inner][vc_column_inner width=&#8221;2\/3&#8243;]<header class=\"kd-section-title col-lg-12 text-left solid-line sep-border-width-3    \" ><h4 class=\"separator_on\" >Solar<\/h4><div class=\"kd-separator below_title\" ><div class=\"kd-separator-line\" ><\/div><\/div><\/header>[vc_column_text]O <strong>Grupo Portfolio<\/strong> executou um projeto estrat\u00e9gico na Solar Coca-Cola, para apoiar a estrutura\u00e7\u00e3o de algumas \u00e1reas da empresa. O projeto foi de extrema relev\u00e2ncia e apoiou mudan\u00e7as estrat\u00e9gicas na SOLAR, que j\u00e1 \u00e9 o segundo maior fabricante do Sistema Coca-Cola no Brasil, e um dos 15 maiores fabricantes do Sistema Coca-Cola no mundo.<\/p>\n<p><a href=\"https:\/\/blog.grupoportfolio.com.br\/portfolio-gestao\/2021\/11\/23\/case-planejamento-estrategico-da-secretaria-de-protecao-social-justica-cidadania-mulheres-e-direitos-humanos-sps\/\" target=\"_blank\" rel=\"noopener\">Saiba Mais<\/a>[\/vc_column_text][\/vc_column_inner][\/vc_row_inner][\/vc_tta_section][vc_tta_section title=&#8221;Gest\u00e3o de Processos&#8221; tab_id=&#8221;1622429252694-0163f70c-b1cd&#8221;][vc_row_inner equal_height=&#8221;yes&#8221; content_placement=&#8221;middle&#8221; css=&#8221;.vc_custom_1602036837370{margin-top: 30px !important;}&#8221;][vc_column_inner width=&#8221;1\/3&#8243;][vc_single_image image=&#8221;8203&#8243; img_size=&#8221;full&#8221; style=&#8221;vc_box_outline&#8221; onclick=&#8221;link_image&#8221; css_animation=&#8221;none&#8221;][\/vc_column_inner][vc_column_inner width=&#8221;2\/3&#8243;]<header class=\"kd-section-title col-lg-12 text-left solid-line sep-border-width-3    \" ><h4 class=\"separator_on\" >Procuradoria Geral do Munic\u00edpio<\/h4><div class=\"kd-separator below_title\" ><div class=\"kd-separator-line\" ><\/div><\/div><\/header>[vc_column_text]A <strong>Portfolio Gest\u00e3o<\/strong> implantou o Projeto An\u00e1lise e Redesenho dos Processos na PGM Fortaleza. O projeto teve como objetivo a melhoria dos processos internos da PGM, de modo a aumentar o \u00edndice de retorno da D\u00edvida Ativa.<\/p>\n<p>Atrav\u00e9s do desenvolvimento da arquitetura de processos, 16 (dezesseis) processos foram priorizados e transformados de acordo com os direcionadores de ganhos e com o objetivo principal do projeto \u201caumento e otimiza\u00e7\u00e3o da produtividade e da arrecada\u00e7\u00e3o da d\u00edvida ativa\u201d.<\/p>\n<p>O redesenho dos processos e as melhorias propostas trouxeram um diferencial \u00e0 opera\u00e7\u00e3o da PGM.<\/p>\n<div id=\"accelSnackbar\"><\/div>\n<p>[\/vc_column_text][\/vc_column_inner][\/vc_row_inner][vc_row_inner content_placement=&#8221;middle&#8221; css=&#8221;.vc_custom_1602036843411{margin-top: 30px !important;}&#8221;][vc_column_inner width=&#8221;1\/3&#8243;][vc_single_image image=&#8221;8194&#8243; img_size=&#8221;full&#8221; style=&#8221;vc_box_outline&#8221; onclick=&#8221;link_image&#8221; css_animation=&#8221;none&#8221;][\/vc_column_inner][vc_column_inner width=&#8221;2\/3&#8243;]<header class=\"kd-section-title col-lg-12 text-left solid-line sep-border-width-3    \" ><h4 class=\"separator_on\" >Bet\u00e2nia L\u00e1cteos<\/h4><div class=\"kd-separator below_title\" ><div class=\"kd-separator-line\" ><\/div><\/div><\/header>[vc_column_text]O <strong>Grupo Portfolio<\/strong> implantou as metodologias para estrutura\u00e7\u00e3o e evolu\u00e7\u00e3o dos Escrit\u00f3rios de Projetos e Processos da Bet\u00e2nia L\u00e1cteos (PMO e BPMO), por meio da sua metodologia pr\u00f3pria o ID3E (Inicia\u00e7\u00e3o, Diagn\u00f3stico, Estrutura\u00e7\u00e3o, Evolu\u00e7\u00e3o e Encerramento), que direciona a implanta\u00e7\u00e3o em formato incremental e evolutivo.<br \/>\nAs metodologias relacionadas foram formadas por processos, procedimentos\/fluxos, pap\u00e9is e responsabilidades, m\u00e9tricas e indicadores de desempenho.<\/p>\n<div id=\"accelSnackbar\"><\/div>\n<p>[\/vc_column_text][\/vc_column_inner][\/vc_row_inner][vc_row_inner content_placement=&#8221;middle&#8221; css=&#8221;.vc_custom_1602036849114{margin-top: 30px !important;}&#8221;][vc_column_inner width=&#8221;1\/3&#8243;][vc_single_image image=&#8221;8196&#8243; img_size=&#8221;full&#8221; style=&#8221;vc_box_outline&#8221; onclick=&#8221;link_image&#8221; css_animation=&#8221;none&#8221;][\/vc_column_inner][vc_column_inner width=&#8221;2\/3&#8243;]<header class=\"kd-section-title col-lg-12 text-left solid-line sep-border-width-3    \" ><h4 class=\"separator_on\" >Casa dos Ventos<\/h4><div class=\"kd-separator below_title\" ><div class=\"kd-separator-line\" ><\/div><\/div><\/header>[vc_column_text]A Casa dos Ventos \u00e9 uma das pioneiras no ramo de energia sustent\u00e1vel em todo o Brasil, sendo uma das principais investidoras do pa\u00eds no ramo de energia e\u00f3lica e \u00e9 refer\u00eancia no setor.<\/p>\n<p>O <strong>Grupo Portfolio<\/strong> realizou o trabalho de apoio \u00e0 sele\u00e7\u00e3o de um novo ERP, por meio do entendimento e an\u00e1lise dos processos, o que proporcionou \u00e0 Casa dos Ventos o mapeamento e identifica\u00e7\u00e3o de melhorias para cada processo envolvido, al\u00e9m da estrutura\u00e7\u00e3o dos requisitos para serem atendidos pelo novo ERP.<\/p>\n<p>Com a execu\u00e7\u00e3o deste trabalho, foi poss\u00edvel uma an\u00e1lise mais assertiva dos fornecedores e dos sistemas, visto que foi identificado o percentual de ader\u00eancia de cada ERP e Fornecedor \u00e0 necessidade da Casa dos Ventos.<\/p>\n<div id=\"accelSnackbar\"><\/div>\n<p>[\/vc_column_text][\/vc_column_inner][\/vc_row_inner][vc_row_inner content_placement=&#8221;middle&#8221; css=&#8221;.vc_custom_1602036854818{margin-top: 30px !important;}&#8221;][vc_column_inner width=&#8221;1\/3&#8243;][vc_single_image image=&#8221;8193&#8243; img_size=&#8221;full&#8221; style=&#8221;vc_box_outline&#8221; onclick=&#8221;link_image&#8221; css_animation=&#8221;none&#8221;][\/vc_column_inner][vc_column_inner width=&#8221;2\/3&#8243;]<header class=\"kd-section-title col-lg-12 text-left solid-line sep-border-width-3    \" ><h4 class=\"separator_on\" >Athena Sa\u00fade<\/h4><div class=\"kd-separator below_title\" ><div class=\"kd-separator-line\" ><\/div><\/div><\/header>[vc_column_text]O <strong>Grupo Portfolio<\/strong> realizou na Athena Sa\u00fade, uma das maiores empresas de sa\u00fade suplementar do pa\u00eds, a transforma\u00e7\u00e3o do processo de faturamento de benefici\u00e1rio. O trabalho envolveu as \u00e1reas: Comercial, Cadastro, Faturamento e P\u00f3s Venda.<\/p>\n<p>Como resultado, foi poss\u00edvel a padroniza\u00e7\u00e3o das regras de cadastro e comunica\u00e7\u00e3o e a estrutura\u00e7\u00e3o de um plano para a implementa\u00e7\u00e3o de melhorias identificadas nos processos envolvidos.<\/p>\n<div id=\"accelSnackbar\"><\/div>\n<p>[\/vc_column_text][\/vc_column_inner][\/vc_row_inner][vc_row_inner content_placement=&#8221;middle&#8221; css=&#8221;.vc_custom_1602036865742{margin-top: 30px !important;}&#8221;][vc_column_inner width=&#8221;1\/3&#8243;][vc_single_image image=&#8221;8210&#8243; img_size=&#8221;full&#8221; style=&#8221;vc_box_outline&#8221; onclick=&#8221;link_image&#8221; css_animation=&#8221;none&#8221;][\/vc_column_inner][vc_column_inner width=&#8221;2\/3&#8243;]<header class=\"kd-section-title col-lg-12 text-left solid-line sep-border-width-3    \" ><h4 class=\"separator_on\" >Vicunha T\u00eaxtil<\/h4><div class=\"kd-separator below_title\" ><div class=\"kd-separator-line\" ><\/div><\/div><\/header>[vc_column_text]Com 50 anos de mercado, a Vicunha T\u00eaxtil \u00e9 uma das maiores ind\u00fastrias t\u00eaxteis do mundo e l\u00edder em diversos segmentos, estando entre os principais fabricantes mundiais de \u00edndigos e brins. A empresa possui unidades espalhadas em diversos estados do Brasil, al\u00e9m de uma f\u00e1brica no Equador e outra na Argentina e filiais de vendas na Am\u00e9rica do Sul e Europa.<\/p>\n<p>Realizamos a implanta\u00e7\u00e3o de processos de inicia\u00e7\u00e3o, planejamento e controle de projetos no setor de Tecnologia da Informa\u00e7\u00e3o, al\u00e9m de incluir capacita\u00e7\u00e3o e assessoria em gest\u00e3o.<\/p>\n<div id=\"accelSnackbar\"><\/div>\n<p>[\/vc_column_text][\/vc_column_inner][\/vc_row_inner][vc_row_inner content_placement=&#8221;middle&#8221; css=&#8221;.vc_custom_1602036871716{margin-top: 30px !important;}&#8221;][vc_column_inner width=&#8221;1\/3&#8243;][vc_single_image image=&#8221;8199&#8243; img_size=&#8221;full&#8221; style=&#8221;vc_box_outline&#8221; onclick=&#8221;link_image&#8221; css_animation=&#8221;fadeIn&#8221;][\/vc_column_inner][vc_column_inner width=&#8221;2\/3&#8243;]<header class=\"kd-section-title col-lg-12 text-left solid-line sep-border-width-3    \" ><h4 class=\"separator_on\" >Flexwind<\/h4><div class=\"kd-separator below_title\" ><div class=\"kd-separator-line\" ><\/div><\/div><\/header>[vc_column_text]O <strong>Grupo Portfolio<\/strong> apoiou a Flex Wind, empresa com s\u00f3lida atua\u00e7\u00e3o em solu\u00e7\u00f5es de energia e\u00f3lica, na sele\u00e7\u00e3o de um novo sistema, atrav\u00e9s do entendimento dos processos envolvidos e com proposi\u00e7\u00e3o de melhorias para a opera\u00e7\u00e3o.<\/p>\n<p>Com o trabalho realizado, foi obtida uma maior assertividade na escolha do sistema para auxiliar as \u00e1reas de backoffice da empresa.<\/p>\n<div id=\"accelSnackbar\"><\/div>\n<p>[\/vc_column_text][\/vc_column_inner][\/vc_row_inner][vc_row_inner content_placement=&#8221;middle&#8221; css=&#8221;.vc_custom_1602036878140{margin-top: 30px !important;}&#8221;][vc_column_inner width=&#8221;1\/3&#8243;][vc_single_image image=&#8221;8197&#8243; img_size=&#8221;full&#8221; style=&#8221;vc_box_outline&#8221; onclick=&#8221;link_image&#8221; css_animation=&#8221;none&#8221;][\/vc_column_inner][vc_column_inner width=&#8221;2\/3&#8243;]<header class=\"kd-section-title col-lg-12 text-left solid-line sep-border-width-3    \" ><h4 class=\"separator_on\" >Complexo Stimma<\/h4><div class=\"kd-separator below_title\" ><div class=\"kd-separator-line\" ><\/div><\/div><\/header>[vc_column_text]O complexo Stimma \u00e9 o maior complexo de sa\u00fade, est\u00e9tica e bem-estar do Cear\u00e1. A empresa conta com diversas especialidades como: cirurgia pl\u00e1stica, nutrologia, dermatologia, est\u00e9tica, nutri\u00e7\u00e3o e odontologia.<\/p>\n<p>O <strong>Grupo Portfolio<\/strong> realizou a transforma\u00e7\u00e3o dos processos relacionados \u00e0 jornada do cliente no Complexo Stimma, o que proporcionou a otimiza\u00e7\u00e3o e gerenciamento das atividades envolvidas.<\/p>\n<div id=\"accelSnackbar\"><\/div>\n<p>[\/vc_column_text][\/vc_column_inner][\/vc_row_inner][vc_row_inner content_placement=&#8221;middle&#8221; css=&#8221;.vc_custom_1602036883990{margin-top: 30px !important;}&#8221;][vc_column_inner width=&#8221;1\/3&#8243;][vc_single_image image=&#8221;8209&#8243; img_size=&#8221;full&#8221; style=&#8221;vc_box_outline&#8221; onclick=&#8221;link_image&#8221; css_animation=&#8221;none&#8221;][\/vc_column_inner][vc_column_inner width=&#8221;2\/3&#8243;]<header class=\"kd-section-title col-lg-12 text-left solid-line sep-border-width-3    \" ><h4 class=\"separator_on\" >Mercadinho S\u00e3o Luiz<\/h4><div class=\"kd-separator below_title\" ><div class=\"kd-separator-line\" ><\/div><\/div><\/header>[vc_column_text]O <strong>Grupo Portfolio<\/strong> implantou o projeto de transforma\u00e7\u00e3o de processos no Mercadinho S\u00e3o Luiz, empresa com 49 anos de exist\u00eancia e que possui uma das maiores cadeias de supermercados do estado do Cear\u00e1.<\/p>\n<p>O projeto teve foco no redesenho dos processos de Abastecimento e Negocia\u00e7\u00e3o de Produtos.<\/p>\n<p>Com o trabalho realizado, os processos de neg\u00f3cio foram estruturados de forma a atender as necessidades identificadas, para uma melhor log\u00edstica de trabalho e com modelo padr\u00e3o do neg\u00f3cio para replicar em outras unidades.<\/p>\n<div id=\"accelSnackbar\"><\/div>\n<p>[\/vc_column_text][\/vc_column_inner][\/vc_row_inner][vc_row_inner content_placement=&#8221;middle&#8221; css=&#8221;.vc_custom_1602036889659{margin-top: 30px !important;}&#8221;][vc_column_inner width=&#8221;1\/3&#8243;][vc_single_image image=&#8221;8198&#8243; img_size=&#8221;full&#8221; style=&#8221;vc_box_outline&#8221; onclick=&#8221;link_image&#8221; css_animation=&#8221;none&#8221;][\/vc_column_inner][vc_column_inner width=&#8221;2\/3&#8243;]<header class=\"kd-section-title col-lg-12 text-left solid-line sep-border-width-3    \" ><h4 class=\"separator_on\" >Organiza\u00e7\u00e3o Educacional Farias Brito<\/h4><div class=\"kd-separator below_title\" ><div class=\"kd-separator-line\" ><\/div><\/div><\/header>[vc_column_text]O Grupo Portfolio realizou a transforma\u00e7\u00e3o dos processos de Movimenta\u00e7\u00e3o de Pessoal, Gest\u00e3o de Contratos, Gest\u00e3o de Demandas Jur\u00eddicas e Gest\u00e3o de Demandas de Viagens.<\/p>\n<p>O foco principal do projeto foi a otimiza\u00e7\u00e3o das atividades com a automa\u00e7\u00e3o de algumas etapas, reduzindo os passos manuais existentes nos processos.<\/p>\n<p>Todo o redesenho dos processos foi direcionado \u00e0 automa\u00e7\u00e3o via Lecom BPM, com a implementa\u00e7\u00e3o do BPMS sendo realizado pela pr\u00f3pria equipe do OEFB.<\/p>\n<p>Como resultado, foi poss\u00edvel reduzir significativamente a tramita\u00e7\u00e3o de documentos f\u00edsicos entre unidades, e melhorar a din\u00e2mica e a interrela\u00e7\u00e3o das \u00e1reas envolvidas nos processos.<\/p>\n<div id=\"accelSnackbar\"><\/div>\n<p>[\/vc_column_text][\/vc_column_inner][\/vc_row_inner][\/vc_tta_section][vc_tta_section title=&#8221;Gest\u00e3o de Projetos&#8221; tab_id=&#8221;1622429260065-588f6df7-1690&#8243;][vc_row_inner content_placement=&#8221;middle&#8221; css=&#8221;.vc_custom_1602036757810{margin-top: 30px !important;}&#8221;][vc_column_inner width=&#8221;1\/3&#8243;][vc_single_image image=&#8221;8338&#8243; img_size=&#8221;full&#8221; alignment=&#8221;right&#8221; style=&#8221;vc_box_outline&#8221; onclick=&#8221;link_image&#8221; css_animation=&#8221;fadeIn&#8221;][\/vc_column_inner][vc_column_inner width=&#8221;2\/3&#8243;]<header class=\"kd-section-title col-lg-12 text-left solid-line sep-border-width-3    \" ><h4 class=\"separator_on\" >Unimed Fortaleza<\/h4><div class=\"kd-separator below_title\" ><div class=\"kd-separator-line\" ><\/div><\/div><\/header>[vc_column_text]O <strong>Grupo Portfolio<\/strong> realiza o gerenciamento dos projetos estrat\u00e9gicos da Unimed Fortaleza com foco na maximiza\u00e7\u00e3o de resultados e na evolu\u00e7\u00e3o operacional.<\/p>\n<p>Os projetos s\u00e3o conduzidos utilizando modelos de gest\u00e3o especializados, que garante o adequado controle do escopo, tempo e custo, obtendo resultados consistentes.<\/p>\n<p>Alguns dos projetos gerenciados pela equipe do Grupo Portfolio: Implanta\u00e7\u00e3o do Hospital Materno Infantil da Unimed Fortaleza, Urg\u00eancia e Emerg\u00eancia, Medicina Preventiva, Telemedicina, Preven\u00e7\u00e3o a Perdas, dentre outros.<\/p>\n<div id=\"accelSnackbar\"><\/div>\n<p>[\/vc_column_text][\/vc_column_inner][\/vc_row_inner][vc_row_inner content_placement=&#8221;middle&#8221; css=&#8221;.vc_custom_1602036763558{margin-top: 30px !important;}&#8221;][vc_column_inner width=&#8221;1\/3&#8243;][vc_single_image image=&#8221;8194&#8243; img_size=&#8221;full&#8221; alignment=&#8221;right&#8221; style=&#8221;vc_box_outline&#8221; onclick=&#8221;link_image&#8221; css_animation=&#8221;none&#8221;][\/vc_column_inner][vc_column_inner width=&#8221;2\/3&#8243;]<header class=\"kd-section-title col-lg-12 text-left solid-line sep-border-width-3    \" ><h4 class=\"separator_on\" >Bet\u00e2nia L\u00e1cteos<\/h4><div class=\"kd-separator below_title\" ><div class=\"kd-separator-line\" ><\/div><\/div><\/header>[vc_column_text]<\/p>\n<p style=\"text-align: left;\">O <strong>Grupo Portfolio<\/strong> implantou as metodologias para estrutura\u00e7\u00e3o e evolu\u00e7\u00e3o dos Escrit\u00f3rios de Projetos e Processos da Bet\u00e2nia L\u00e1cteos (PMO e BPMO), por meio da sua metodologia pr\u00f3pria o ID3E (Inicia\u00e7\u00e3o, Diagn\u00f3stico, Estrutura\u00e7\u00e3o, Evolu\u00e7\u00e3o e Encerramento), que direciona a implanta\u00e7\u00e3o em formato incremental e evolutivo.<br \/>\nAs metodologias relacionadas foram formadas por processos, procedimentos\/fluxos, pap\u00e9is e responsabilidades, m\u00e9tricas e indicadores de desempenho.<\/p>\n<div id=\"accelSnackbar\"><\/div>\n<p>[\/vc_column_text][\/vc_column_inner][\/vc_row_inner][vc_row_inner content_placement=&#8221;middle&#8221; css=&#8221;.vc_custom_1602036768868{margin-top: 30px !important;}&#8221;][vc_column_inner width=&#8221;1\/3&#8243;][vc_single_image image=&#8221;8205&#8243; img_size=&#8221;full&#8221; alignment=&#8221;right&#8221; style=&#8221;vc_box_outline&#8221; onclick=&#8221;link_image&#8221; css_animation=&#8221;fadeIn&#8221;][\/vc_column_inner][vc_column_inner width=&#8221;2\/3&#8243;]<header class=\"kd-section-title col-lg-12 text-left solid-line sep-border-width-3    \" ><h4 class=\"separator_on\" >Secretaria de Desenvolvimento Agr\u00e1rio<\/h4><div class=\"kd-separator below_title\" ><div class=\"kd-separator-line\" ><\/div><\/div><\/header>[vc_column_text]A Secretaria do Desenvolvimento Agr\u00e1rio, \u00d3rg\u00e3o da Administra\u00e7\u00e3o Direta do Governo do Estado do Cear\u00e1, tem por finalidade planejar, coordenar e executar, diretamente ou atrav\u00e9s das suas Vinculadas, as a\u00e7\u00f5es do Governo para o desenvolvimento da agropecu\u00e1ria, mediante apoio \u00e0 agricultura familiar.<\/p>\n<p>O <strong>Grupo Portf\u00f3lio<\/strong> estruturou a gest\u00e3o do portf\u00f3lio de projetos da Secretaria com a aplica\u00e7\u00e3o de treinamentos em gest\u00e3o e o arranjo institucional para a cultura de gerenciamento de projetos, bem como a implanta\u00e7\u00e3o de metodologia de gerenciamento do portf\u00f3lio, a melhoria de m\u00e9todos e gest\u00e3o da Unidade de Gerenciamento de Projetos, a estrutura\u00e7\u00e3o do portf\u00f3lio de projetos e a assessoria direta ao escrit\u00f3rio de projetos.<\/p>\n<div id=\"accelSnackbar\"><\/div>\n<p>[\/vc_column_text][\/vc_column_inner][\/vc_row_inner][vc_row_inner content_placement=&#8221;middle&#8221; css=&#8221;.vc_custom_1602036817840{margin-top: 30px !important;}&#8221;][vc_column_inner width=&#8221;1\/3&#8243;][vc_single_image image=&#8221;8206&#8243; img_size=&#8221;full&#8221; alignment=&#8221;right&#8221; style=&#8221;vc_box_outline&#8221; onclick=&#8221;link_image&#8221; css_animation=&#8221;fadeIn&#8221;][\/vc_column_inner][vc_column_inner width=&#8221;2\/3&#8243;]<header class=\"kd-section-title col-lg-12 text-left solid-line sep-border-width-3    \" ><h4 class=\"separator_on\" >Sistema Verdes Mares<\/h4><div class=\"kd-separator below_title\" ><div class=\"kd-separator-line\" ><\/div><\/div><\/header>[vc_column_text]A <strong>Portfolio Gest\u00e3o,<\/strong> juntamente com a <strong>Portfolio Tech<\/strong>, realizaram a implanta\u00e7\u00e3o do Escrit\u00f3rio de Gerenciamento de Projetos (PMO) e gerenciamento de projetos no setor de TI no Sistema Verdes Mares, al\u00e9m da implanta\u00e7\u00e3o de metodologia de self-service BI, com ferramenta de Power BI.<\/p>\n<p>Tamb\u00e9m foi prestado o assessoramento \u00e0 equipe do N\u00facleo de Pesquisa de M\u00eddias no desenvolvimento dos Dashboards para utiliza\u00e7\u00e3o em relat\u00f3rios, pesquisas, infogr\u00e1ficos e produ\u00e7\u00e3o de conte\u00fado para publicidade e jornalismo.<\/p>\n<div id=\"accelSnackbar\"><\/div>\n<p>[\/vc_column_text][\/vc_column_inner][\/vc_row_inner][vc_row_inner content_placement=&#8221;middle&#8221; css=&#8221;.vc_custom_1602036812395{margin-top: 30px !important;}&#8221;][vc_column_inner width=&#8221;1\/3&#8243;][vc_single_image image=&#8221;8336&#8243; img_size=&#8221;full&#8221; alignment=&#8221;right&#8221; style=&#8221;vc_box_outline&#8221; onclick=&#8221;link_image&#8221; css_animation=&#8221;fadeIn&#8221;][\/vc_column_inner][vc_column_inner width=&#8221;2\/3&#8243;]<header class=\"kd-section-title col-lg-12 text-left solid-line sep-border-width-3    \" ><h4 class=\"separator_on\" >Hapvida<\/h4><div class=\"kd-separator below_title\" ><div class=\"kd-separator-line\" ><\/div><\/div><\/header>[vc_column_text]O <strong>Grupo Portfolio<\/strong> realizou a implanta\u00e7\u00e3o do Escrit\u00f3rio de Gerenciamento de Projetos (PMO) do Hapvida Sa\u00fade.<br \/>\nCom a iniciativa, os projetos de todas as \u00e1reas do Hapvida passaram a ser gerenciados atrav\u00e9s da metodologia desenvolvida, obtendo uma gest\u00e3o estruturada e direcionada aos objetivos estrat\u00e9gicos da organiza\u00e7\u00e3o.<\/p>\n<div id=\"accelSnackbar\"><\/div>\n<p>[\/vc_column_text][\/vc_column_inner][\/vc_row_inner][vc_empty_space height=&#8221;50px&#8221;][vc_row_inner content_placement=&#8221;middle&#8221; css=&#8221;.vc_custom_1602036806893{margin-top: 30px !important;}&#8221;][vc_column_inner width=&#8221;1\/3&#8243;][vc_single_image image=&#8221;8200&#8243; img_size=&#8221;full&#8221; style=&#8221;vc_box_outline&#8221; onclick=&#8221;link_image&#8221; css_animation=&#8221;fadeIn&#8221;][\/vc_column_inner][vc_column_inner width=&#8221;2\/3&#8243;]<header class=\"kd-section-title col-lg-12 text-left solid-line sep-border-width-3    \" ><h4 class=\"separator_on\" >Pole Alimentos<\/h4><div class=\"kd-separator below_title\" ><div class=\"kd-separator-line\" ><\/div><\/div><\/header>[vc_column_text]O Grupo Portfolio realizou a an\u00e1lise para a Jornada do Cliente com a elabora\u00e7\u00e3o do diagn\u00f3stico de melhoria da rotina de entrega da Pole Alimentos.<\/p>\n<p>Em 2021, a Portfolio Gest\u00e3o iniciou o servi\u00e7o especializado em Planejamento Estrat\u00e9gico, com a utiliza\u00e7\u00e3o da estrutura de OKR &#8211; Objectives and Key Results &#8211; e a cria\u00e7\u00e3o do Portf\u00f3lio de Projetos para a empresa.<\/p>\n<p>Nos orgulhamos em ter a oportunidade de contribuir para o crescimento dessa empresa que \u00e9 sin\u00f4nimo de qualidade, com marcas consolidadas em todo o estado (Granja Regina e Gostosinha).<\/p>\n<p>[\/vc_column_text][\/vc_column_inner][\/vc_row_inner][\/vc_tta_section][\/vc_tta_tabs][\/vc_column][\/vc_row][vc_row full_width=&#8221;stretch_row&#8221;][vc_column width=&#8221;2\/12&#8243;][\/vc_column][vc_column width=&#8221;8\/12&#8243;][vc_empty_space height=&#8221;50px&#8221;]<header class=\"kd-section-title col-lg-12 text-center solid-line sep-border-width-2    \" ><h2 class=\"separator_on\" >Parcerias<\/h2><div class=\"kd-separator below_title\" ><div class=\"kd-separator-line\" ><\/div><\/div><h6 class=\"subtitle \" >A Portfolio Gest\u00e3o tem parcerias estrat\u00e9gicas para gerenciamento de projetos e processos nos seus clientes, para garantir a melhor execu\u00e7\u00e3o dos servi\u00e7os.<\/h6><\/header>[vc_row_inner][vc_column_inner][vc_images_carousel images=&#8221;9733,8942,8668&#8243; img_size=&#8221;full&#8221; slides_per_view=&#8221;3&#8243;][\/vc_column_inner][\/vc_row_inner][\/vc_column][vc_column width=&#8221;2\/12&#8243;][\/vc_column][\/vc_row][vc_row full_width=&#8221;stretch_row&#8221;][vc_column width=&#8221;2\/12&#8243;][\/vc_column][vc_column width=&#8221;8\/12&#8243;][vc_empty_space height=&#8221;50px&#8221;]<header class=\"kd-section-title col-lg-12 text-center solid-line sep-border-width-2    \" ><h2 class=\"separator_on\" >Nossas Certifica\u00e7\u00f5es<\/h2><div class=\"kd-separator below_title\" ><div class=\"kd-separator-line\" ><\/div><\/div><h6 class=\"subtitle \" >Possu\u00edmos certifica\u00e7\u00f5es reconhecidas internacionalmente em nossa \u00e1rea de atua\u00e7\u00e3o, bem como profissionais qualificados e certificados para atuar com as melhores pr\u00e1ticas e modelos em gest\u00e3o.<\/h6><\/header>[vc_images_carousel images=&#8221;8941,8943,8940&#8243; img_size=&#8221;full&#8221; onclick=&#8221;link_no&#8221; slides_per_view=&#8221;3&#8243; hide_pagination_control=&#8221;yes&#8221; hide_prev_next_buttons=&#8221;yes&#8221;][vc_empty_space height=&#8221;50px&#8221;][\/vc_column][vc_column width=&#8221;2\/12&#8243;][\/vc_column][\/vc_row][vc_row full_width=&#8221;stretch_row&#8221; el_class=&#8221;contato&#8221; el_id=&#8221;contato&#8221; css=&#8221;.vc_custom_1638882608503{background-color: #ffffff !important;background-position: center !important;background-repeat: no-repeat !important;background-size: cover !important;}&#8221;][vc_column width=&#8221;1\/4&#8243;][\/vc_column][vc_column width=&#8221;1\/2&#8243;]<header class=\"kd-section-title col-lg-12 text-center solid-line sep-border-width-2    \" ><h2 class=\"separator_on\" style=\"color: #6c2a0d;\">Fale com a Portfolio Gest\u00e3o<\/h2><div class=\"kd-separator below_title\" ><div class=\"kd-separator-line\" style=\"border-color:#c4b388\"><\/div><\/div><h6 class=\"subtitle \" style=\"color: #828282;\">Quer saber o que podemos fazer para tornar \u00e1gil sua empresa? Consulte agora um especialista.<\/h6><\/header><div class=\"kd-contact-form full-width-cf\" >\n<div class=\"wpcf7 no-js\" id=\"wpcf7-f8496-o1\" lang=\"pt-BR\" dir=\"ltr\" data-wpcf7-id=\"8496\">\n<div class=\"screen-reader-response\"><p role=\"status\" aria-live=\"polite\" aria-atomic=\"true\"><\/p> <ul><\/ul><\/div>\n<form action=\"\/portfolio-gestao\/wp-json\/wp\/v2\/pages\/8588#wpcf7-f8496-o1\" method=\"post\" class=\"wpcf7-form init\" aria-label=\"Formul\u00e1rios de contato\" novalidate=\"novalidate\" data-status=\"init\">\n<div style=\"display: none;\">\n<input type=\"hidden\" name=\"_wpcf7\" value=\"8496\" \/>\n<input type=\"hidden\" name=\"_wpcf7_version\" value=\"6.0.6\" \/>\n<input type=\"hidden\" name=\"_wpcf7_locale\" value=\"pt_BR\" \/>\n<input type=\"hidden\" name=\"_wpcf7_unit_tag\" value=\"wpcf7-f8496-o1\" \/>\n<input type=\"hidden\" name=\"_wpcf7_container_post\" value=\"0\" \/>\n<input type=\"hidden\" name=\"_wpcf7_posted_data_hash\" value=\"\" \/>\n<input type=\"hidden\" name=\"_wpcf7_recaptcha_response\" value=\"\" \/>\n<\/div>\n<div class=\"form\">\n\t<div class=\"form__input\">\n\t\t<p><span class=\"wpcf7-form-control-wrap\" data-name=\"nome\"><input size=\"40\" maxlength=\"400\" class=\"wpcf7-form-control wpcf7-text wpcf7-validates-as-required\" aria-required=\"true\" aria-invalid=\"false\" placeholder=\"Nome\" value=\"\" type=\"text\" name=\"nome\" \/><\/span>\n\t\t<\/p>\n\t<\/div>\n\t<div class=\"form__input\">\n\t\t<p><span class=\"wpcf7-form-control-wrap\" data-name=\"telefone\"><input size=\"40\" maxlength=\"400\" class=\"wpcf7-form-control wpcf7-tel wpcf7-validates-as-required wpcf7-text wpcf7-validates-as-tel\" aria-required=\"true\" aria-invalid=\"false\" placeholder=\"Telefone\" value=\"\" type=\"tel\" name=\"telefone\" \/><\/span>\n\t\t<\/p>\n\t<\/div>\n\t<div class=\"form__input\">\n\t\t<p><span class=\"wpcf7-form-control-wrap\" data-name=\"email\"><input size=\"40\" maxlength=\"400\" class=\"wpcf7-form-control wpcf7-email wpcf7-validates-as-required wpcf7-text wpcf7-validates-as-email\" aria-required=\"true\" aria-invalid=\"false\" placeholder=\"E-mail\" value=\"\" type=\"email\" name=\"email\" \/><\/span>\n\t\t<\/p>\n\t<\/div>\n\t<div class=\"form__input\">\n\t\t<p><span class=\"wpcf7-form-control-wrap\" data-name=\"mensagem\"><textarea cols=\"40\" rows=\"10\" maxlength=\"2000\" class=\"wpcf7-form-control wpcf7-textarea wpcf7-validates-as-required\" aria-required=\"true\" aria-invalid=\"false\" placeholder=\"Mensagem\" name=\"mensagem\"><\/textarea><\/span>\n\t\t<\/p>\n\t<\/div>\n\t<div class=\"form__input\">\n\t\t<p><span class=\"wpcf7-form-control-wrap\" data-name=\"aceite-termos\"><span class=\"wpcf7-form-control wpcf7-checkbox\"><span class=\"wpcf7-list-item first last\"><label><input type=\"checkbox\" name=\"aceite-termos[]\" value=\"Aceito receber informa\u00e7\u00f5es sobre ofertas e servi\u00e7os do Grupo Portfolio.\" \/><span class=\"wpcf7-list-item-label\">Aceito receber informa\u00e7\u00f5es sobre ofertas e servi\u00e7os do Grupo Portfolio.<\/span><\/label><\/span><\/span><\/span>\n\t\t<\/p>\n\t<\/div>\n\t<div class=\"form__input form__input--btnLarge\">\n\t\t<p><input class=\"wpcf7-form-control wpcf7-submit has-spinner\" type=\"submit\" value=\"Enviar\" \/>\n\t\t<\/p>\n\t<\/div>\n\t<div style=\"display:none;\">\n\t\t<p><span class=\"wpcf7-form-control-wrap\" data-name=\"identificador\"><input size=\"40\" maxlength=\"400\" class=\"wpcf7-form-control wpcf7-text\" aria-invalid=\"false\" value=\"pagina contato\" type=\"text\" name=\"identificador\" \/><\/span><br \/>\n<span class=\"wpcf7-form-control-wrap\" data-name=\"c_utmz\"><input size=\"40\" maxlength=\"400\" class=\"wpcf7-form-control wpcf7-text\" id=\"cookieutmz\" aria-invalid=\"false\" value=\"\" type=\"text\" name=\"c_utmz\" \/><\/span>\n\t\t<\/p>\n\t<\/div>\n\t<p><script type=\"text\/javascript\">\nfunction read_cookie(a){var b=a+\"=\";var c=document.cookie.split(\";\");for(var d=0;d\n\t\t\t<c.length;d++){var e=c[d];while(e.charAt(0)==\" \")e=e.substring(1,e.length);if(e.indexOf(b)==0){return e.substring(b.length,e.length)}}return null}try{document.getElementById(\"cookieutmz\").value=read_cookie(\"__utmz\")}catch(err){}\n<\/script>\n\t\t\t<\/c.length;d++){var><\/script>\n\t<\/p>\n<\/div><p style=\"display: none !important;\" class=\"akismet-fields-container\" data-prefix=\"_wpcf7_ak_\"><label>&#916;<textarea name=\"_wpcf7_ak_hp_textarea\" cols=\"45\" rows=\"8\" maxlength=\"100\"><\/textarea><\/label><input type=\"hidden\" id=\"ak_js_1\" name=\"_wpcf7_ak_js\" value=\"201\"\/><script>document.getElementById( \"ak_js_1\" ).setAttribute( \"value\", ( new Date() ).getTime() );<\/script><\/p><div class=\"wpcf7-response-output\" aria-hidden=\"true\"><\/div>\n<\/form>\n<\/div>\n<\/div>[vc_empty_space height=&#8221;30px&#8221;][\/vc_column][vc_column width=&#8221;1\/4&#8243;][\/vc_column][\/vc_row]<\/p>\n","protected":false},"excerpt":{"rendered":"<p>[vc_row full_width=&#8221;stretch_row&#8221; css=&#8221;.vc_custom_1645727045114{background-image: url(https:\/\/blog.grupoportfolio.com.br\/portfolio-formacao\/wp-content\/uploads\/sites\/3\/2021\/11\/GESTAO1.png?id=8665) !important;background-position: center !important;background-repeat: no-repeat !important;background-size: cover !important;}&#8221;][vc_column][vc_empty_space height=&#8221;200px&#8221;][vc_row_inner equal_height=&#8221;yes&#8221;][vc_column_inner width=&#8221;1\/2&#8243;][vc_empty_space height=&#8221;25px&#8221;][vc_btn title=&#8221;FALE COM UM ESPECIALISTA&#8221; style=&#8221;custom&#8221; custom_background=&#8221;#c4b388&#8243; custom_text=&#8221;#ffffff&#8221; align=&#8221;left&#8221; link=&#8221;url:%23contato&#8221;][vc_empty_space height=&#8221;40px&#8221;][\/vc_column_inner][vc_column_inner width=&#8221;1\/2&#8243;][vc_video link=&#8221;https:\/\/www.youtube.com\/watch?v=mwMk_i99iGM&#8221;][\/vc_column_inner][\/vc_row_inner][vc_empty_space height=&#8221;50px&#8221;][\/vc_column][\/vc_row][vc_row][vc_column][vc_empty_space height=&#8221;50px&#8221;][vc_empty_space height=&#8221;50px&#8221;][\/vc_column][\/vc_row][vc_row gap=&#8221;20&#8243; equal_height=&#8221;yes&#8221; content_placement=&#8221;top&#8221;][vc_column css_animation=&#8221;none&#8221; width=&#8221;1\/3&#8243; css=&#8221;.vc_custom_1644254986231{border-right-width: -20px !important;border-left-width: -20px !important;padding-right: 0px !important;padding-left: 0px !important;background-color: [&hellip;]<\/p>\n","protected":false},"author":12,"featured_media":0,"parent":0,"menu_order":0,"comment_status":"closed","ping_status":"closed","template":"","meta":{"footnotes":""},"class_list":["post-8588","page","type-page","status-publish","hentry"],"aioseo_notices":[],"jetpack_sharing_enabled":true,"_links":{"self":[{"href":"https:\/\/blog.grupoportfolio.com.br\/portfolio-gestao\/wp-json\/wp\/v2\/pages\/8588","targetHints":{"allow":["GET"]}}],"collection":[{"href":"https:\/\/blog.grupoportfolio.com.br\/portfolio-gestao\/wp-json\/wp\/v2\/pages"}],"about":[{"href":"https:\/\/blog.grupoportfolio.com.br\/portfolio-gestao\/wp-json\/wp\/v2\/types\/page"}],"author":[{"embeddable":true,"href":"https:\/\/blog.grupoportfolio.com.br\/portfolio-gestao\/wp-json\/wp\/v2\/users\/12"}],"replies":[{"embeddable":true,"href":"https:\/\/blog.grupoportfolio.com.br\/portfolio-gestao\/wp-json\/wp\/v2\/comments?post=8588"}],"version-history":[{"count":4,"href":"https:\/\/blog.grupoportfolio.com.br\/portfolio-gestao\/wp-json\/wp\/v2\/pages\/8588\/revisions"}],"predecessor-version":[{"id":9734,"href":"https:\/\/blog.grupoportfolio.com.br\/portfolio-gestao\/wp-json\/wp\/v2\/pages\/8588\/revisions\/9734"}],"wp:attachment":[{"href":"https:\/\/blog.grupoportfolio.com.br\/portfolio-gestao\/wp-json\/wp\/v2\/media?parent=8588"}],"curies":[{"name":"wp","href":"https:\/\/api.w.org\/{rel}","templated":true}]}}