{"id":2,"date":"2020-09-06T19:06:38","date_gmt":"2020-09-06T22:06:38","guid":{"rendered":"https:\/\/blog.grupoportfolio.com.br\/portfolio-formacao\/?page_id=2"},"modified":"2024-05-06T09:24:03","modified_gmt":"2024-05-06T12:24:03","slug":"pagina-exemplo","status":"publish","type":"page","link":"https:\/\/blog.grupoportfolio.com.br\/portfolio-formacao\/","title":{"rendered":"Home"},"content":{"rendered":"<p>[vc_row full_width=&#8221;stretch_row_content&#8221; css=&#8221;.vc_custom_1622255076214{padding-top: 200px !important;padding-right: 0px !important;padding-bottom: 100px !important;padding-left: 0px !important;background-image: url(https:\/\/blog.grupoportfolio.com.br\/wp-content\/uploads\/sites\/4\/2020\/09\/formacao-home-header-bg.jpg?id=8348) !important;background-position: center !important;background-repeat: no-repeat !important;background-size: cover !important;}&#8221;][vc_column][vc_row_inner][vc_column_inner width=&#8221;2\/12&#8243;][\/vc_column_inner][vc_column_inner width=&#8221;8\/12&#8243;][vc_empty_space height=&#8221;25px&#8221;]<header class=\"kd-section-title col-lg-12 text-center    \" ><h2 class=\"separator_off\" style=\"color: #ffffff;\">A Portfolio Forma\u00e7\u00e3o tem como objetivo transmitir e compartilhar conhecimentos te\u00f3ricos e pr\u00e1ticos para forma\u00e7\u00e3o de alta qualidade.<\/h2><\/header>[\/vc_column_inner][vc_column_inner width=&#8221;2\/12&#8243;][\/vc_column_inner][\/vc_row_inner][vc_row_inner equal_height=&#8221;yes&#8221; gap=&#8221;10&#8243; css=&#8221;.vc_custom_1607338603548{padding-top: 30px !important;}&#8221;][vc_column_inner width=&#8221;1\/3&#8243; css=&#8221;.vc_custom_1513708828972{padding-right: 0px !important;padding-left: 0px !important;}&#8221;]<div class=\"key-icon-box icon-default icon-top cont-center with-border box-bg-color kd-animated fadeInUp caixinha\" style=\"background-color: #ffffff; border: 1px solid #a47e56;\" data-animation-delay=200><div class=\"ib-wrapper\"><div class=\"tt-iconbox-customimg img_small_size\"><img fetchpriority=\"high\" decoding=\"async\" width=\"557\" height=\"558\" src=\"https:\/\/blog.grupoportfolio.com.br\/portfolio-formacao\/wp-content\/uploads\/sites\/4\/2020\/09\/formacao-home-carreira-icone.png\" class=\"attachment-full\" alt=\"\" srcset=\"https:\/\/blog.grupoportfolio.com.br\/portfolio-formacao\/wp-content\/uploads\/sites\/4\/2020\/09\/formacao-home-carreira-icone.png 557w, https:\/\/blog.grupoportfolio.com.br\/portfolio-formacao\/wp-content\/uploads\/sites\/4\/2020\/09\/formacao-home-carreira-icone-300x300.png 300w, https:\/\/blog.grupoportfolio.com.br\/portfolio-formacao\/wp-content\/uploads\/sites\/4\/2020\/09\/formacao-home-carreira-icone-150x150.png 150w\" sizes=\"(max-width: 557px) 100vw, 557px\" \/><\/div><h4 class=\"service-heading\" >Carreira<\/h4><p >Invista na oportunidade de se destacar e alavancar sua trajet\u00f3ria profissional.<\/p><\/div><\/div>[\/vc_column_inner][vc_column_inner width=&#8221;1\/3&#8243; css=&#8221;.vc_custom_1513708833716{padding-right: 0px !important;padding-left: 0px !important;}&#8221;]<div class=\"key-icon-box icon-default icon-top cont-center with-border box-bg-color kd-animated fadeInUp caixinha\" style=\"background-color: #ffffff; border: 1px solid #a47e56;\" data-animation-delay=400><div class=\"ib-wrapper\"><div class=\"tt-iconbox-customimg img_small_size\"><img decoding=\"async\" width=\"558\" height=\"557\" src=\"https:\/\/blog.grupoportfolio.com.br\/portfolio-formacao\/wp-content\/uploads\/sites\/4\/2020\/09\/formacao-home-aprimoramento-icone.png\" class=\"attachment-full\" alt=\"\" srcset=\"https:\/\/blog.grupoportfolio.com.br\/portfolio-formacao\/wp-content\/uploads\/sites\/4\/2020\/09\/formacao-home-aprimoramento-icone.png 558w, https:\/\/blog.grupoportfolio.com.br\/portfolio-formacao\/wp-content\/uploads\/sites\/4\/2020\/09\/formacao-home-aprimoramento-icone-300x300.png 300w, https:\/\/blog.grupoportfolio.com.br\/portfolio-formacao\/wp-content\/uploads\/sites\/4\/2020\/09\/formacao-home-aprimoramento-icone-150x150.png 150w\" sizes=\"(max-width: 558px) 100vw, 558px\" \/><\/div><h4 class=\"service-heading\" >Aprimoramento<\/h4><p >Potencialize ainda mais suas habilidades e adquira novos conhecimentos.<\/p><\/div><\/div>[\/vc_column_inner][vc_column_inner width=&#8221;1\/3&#8243; css=&#8221;.vc_custom_1513708838261{padding-right: 0px !important;padding-left: 0px !important;}&#8221;]<div class=\"key-icon-box icon-default icon-top cont-center with-border box-bg-color kd-animated fadeInUp caixinha\" style=\"background-color: #ffffff; border: 1px solid #a47e56;\" data-animation-delay=600><div class=\"ib-wrapper\"><div class=\"tt-iconbox-customimg img_small_size\"><img decoding=\"async\" width=\"557\" height=\"557\" src=\"https:\/\/blog.grupoportfolio.com.br\/portfolio-formacao\/wp-content\/uploads\/sites\/4\/2020\/09\/formacao-home-qualificacao-icone.png\" class=\"attachment-full\" alt=\"\" srcset=\"https:\/\/blog.grupoportfolio.com.br\/portfolio-formacao\/wp-content\/uploads\/sites\/4\/2020\/09\/formacao-home-qualificacao-icone.png 557w, https:\/\/blog.grupoportfolio.com.br\/portfolio-formacao\/wp-content\/uploads\/sites\/4\/2020\/09\/formacao-home-qualificacao-icone-300x300.png 300w, https:\/\/blog.grupoportfolio.com.br\/portfolio-formacao\/wp-content\/uploads\/sites\/4\/2020\/09\/formacao-home-qualificacao-icone-150x150.png 150w\" sizes=\"(max-width: 557px) 100vw, 557px\" \/><\/div><h4 class=\"service-heading\" >Qualifica\u00e7\u00e3o<\/h4><p >Otimize sua capacidade, adquirindo o conhecimento adequado \u00e0 sua necessidade.<\/p><\/div><\/div>[\/vc_column_inner][\/vc_row_inner][\/vc_column][\/vc_row][vc_row][vc_column][vc_empty_space height=&#8221;80px&#8221;]<header class=\"kd-section-title col-lg-12 text-center solid-line sep-border-width-2    \" ><h2 class=\"separator_on\" >Quem Somos<\/h2><div class=\"kd-separator below_title\" ><div class=\"kd-separator-line\" ><\/div><\/div><h6 class=\"subtitle \" >A Portfolio Forma\u00e7\u00e3o promove conhecimento nas \u00e1reas de gest\u00e3o e tecnologia, atrav\u00e9s de cursos de forma\u00e7\u00e3o profissional, preparat\u00f3rios para certifica\u00e7\u00f5es e MBAs, com foco em exerc\u00edcios pr\u00e1ticos e estudos de casos. Oferecemos para a sua empresa programas de forma\u00e7\u00e3o customizados no formato presencial e on-line.<\/h6><\/header>[vc_empty_space height=&#8221;80px&#8221;][\/vc_column][\/vc_row][vc_row full_width=&#8221;stretch_row_content&#8221; equal_height=&#8221;yes&#8221; content_placement=&#8221;middle&#8221; el_class=&#8221;conheca-nossos-cursos-css&#8221;][vc_column][vc_row_inner equal_height=&#8221;yes&#8221; gap=&#8221;10&#8243;][vc_column_inner width=&#8221;1\/4&#8243; css=&#8221;.vc_custom_1622256008559{margin-right: 0px !important;margin-left: 0px !important;padding-right: 0px !important;padding-left: 0px !important;}&#8221;]<div class=\"key-icon-box icon-default icon-top cont-center with-border box-bg-color\" style=\"background-color: transparent; \" ><div class=\"ib-wrapper\"><div class=\"tt-iconbox-customimg img_small_size\"><img loading=\"lazy\" decoding=\"async\" width=\"494\" height=\"495\" src=\"https:\/\/blog.grupoportfolio.com.br\/portfolio-formacao\/wp-content\/uploads\/sites\/4\/2020\/09\/formacao-home-icone-formacao_profissional.png\" class=\"attachment-full\" alt=\"\" srcset=\"https:\/\/blog.grupoportfolio.com.br\/portfolio-formacao\/wp-content\/uploads\/sites\/4\/2020\/09\/formacao-home-icone-formacao_profissional.png 494w, https:\/\/blog.grupoportfolio.com.br\/portfolio-formacao\/wp-content\/uploads\/sites\/4\/2020\/09\/formacao-home-icone-formacao_profissional-300x300.png 300w, https:\/\/blog.grupoportfolio.com.br\/portfolio-formacao\/wp-content\/uploads\/sites\/4\/2020\/09\/formacao-home-icone-formacao_profissional-150x150.png 150w\" sizes=\"(max-width: 494px) 100vw, 494px\" \/><\/div><h4 class=\"service-heading\" >Forma\u00e7\u00e3o Profissional<\/h4><p >Adquira e \/ou aprofunde seus conhecimentos nas \u00e1reas de gest\u00e3o, inova\u00e7\u00e3o e tecnologia.<\/p><p class=\"ib-link \"><a href=\"https:\/\/blog.grupoportfolio.com.br\/portfolio-formacao\/categoria-produto\/cursos-de-formacao-profissional\/\" target=\"_self\" >Saiba mais<\/a><\/p><\/div><\/div>[\/vc_column_inner][vc_column_inner width=&#8221;1\/4&#8243; css=&#8221;.vc_custom_1622256174935{margin: 0px !important;padding: 0px !important;}&#8221;]<div class=\"key-icon-box icon-default icon-top cont-center with-border box-bg-color  custom-box\" style=\"background-color: transparent; \" ><div class=\"ib-wrapper\"><div class=\"tt-iconbox-customimg img_small_size\"><img loading=\"lazy\" decoding=\"async\" width=\"495\" height=\"495\" src=\"https:\/\/blog.grupoportfolio.com.br\/portfolio-formacao\/wp-content\/uploads\/sites\/4\/2020\/09\/formacao-home-icone-certificacao.png\" class=\"attachment-full\" alt=\"\" srcset=\"https:\/\/blog.grupoportfolio.com.br\/portfolio-formacao\/wp-content\/uploads\/sites\/4\/2020\/09\/formacao-home-icone-certificacao.png 495w, https:\/\/blog.grupoportfolio.com.br\/portfolio-formacao\/wp-content\/uploads\/sites\/4\/2020\/09\/formacao-home-icone-certificacao-300x300.png 300w, https:\/\/blog.grupoportfolio.com.br\/portfolio-formacao\/wp-content\/uploads\/sites\/4\/2020\/09\/formacao-home-icone-certificacao-150x150.png 150w\" sizes=\"(max-width: 495px) 100vw, 495px\" \/><\/div><h4 class=\"service-heading\" >Preparat\u00f3rios para Certifica\u00e7\u00e3o<\/h4><p >Alcance o conhecimento necess\u00e1rio e conquiste sua certifica\u00e7\u00e3o profissional.<\/p><p class=\"ib-link \"><a href=\"https:\/\/blog.grupoportfolio.com.br\/portfolio-formacao\/categoria-produto\/cursos-preparatorios-para-certificacao\/\" target=\"_self\" >Saiba mais<\/a><\/p><\/div><\/div>[\/vc_column_inner][vc_column_inner width=&#8221;1\/4&#8243; css=&#8221;.vc_custom_1622256147024{margin-right: 0px !important;margin-left: 0px !important;padding-right: 0px !important;padding-left: 0px !important;}&#8221;]<div class=\"key-icon-box icon-default icon-top cont-center with-border box-bg-color  custom-box\" style=\"background-color: transparent; \" ><div class=\"ib-wrapper\"><div class=\"tt-iconbox-customimg img_small_size\"><img loading=\"lazy\" decoding=\"async\" width=\"495\" height=\"495\" src=\"https:\/\/blog.grupoportfolio.com.br\/portfolio-formacao\/wp-content\/uploads\/sites\/4\/2020\/09\/formacao-home-icone-formacao.png\" class=\"attachment-full\" alt=\"\" srcset=\"https:\/\/blog.grupoportfolio.com.br\/portfolio-formacao\/wp-content\/uploads\/sites\/4\/2020\/09\/formacao-home-icone-formacao.png 495w, https:\/\/blog.grupoportfolio.com.br\/portfolio-formacao\/wp-content\/uploads\/sites\/4\/2020\/09\/formacao-home-icone-formacao-300x300.png 300w, https:\/\/blog.grupoportfolio.com.br\/portfolio-formacao\/wp-content\/uploads\/sites\/4\/2020\/09\/formacao-home-icone-formacao-150x150.png 150w\" sizes=\"(max-width: 495px) 100vw, 495px\" \/><\/div><h4 class=\"service-heading\" >Trilhas de Forma\u00e7\u00e3o<\/h4><p >Oferecemos trilhas de forma\u00e7\u00e3o exclusivas de acordo com a sua necessidade profissional.<\/p><p class=\"ib-link \"><a href=\"https:\/\/blog.grupoportfolio.com.br\/portfolio-formacao\/categoria-produto\/trilhas-de-formacao\/\" target=\"_self\" >Saiba mais<\/a><\/p><\/div><\/div>[\/vc_column_inner][vc_column_inner width=&#8221;1\/4&#8243; css=&#8221;.vc_custom_1622256161491{margin: 0px !important;padding: 0px !important;}&#8221;]<div class=\"key-icon-box icon-default icon-top cont-center with-border box-bg-color  custom-box\" style=\"background-color: transparent; \" ><div class=\"ib-wrapper\"><div class=\"tt-iconbox-customimg img_small_size\"><img loading=\"lazy\" decoding=\"async\" width=\"495\" height=\"495\" src=\"https:\/\/blog.grupoportfolio.com.br\/portfolio-formacao\/wp-content\/uploads\/sites\/4\/2020\/09\/formacao-home-icone-mba.png\" class=\"attachment-full\" alt=\"\" srcset=\"https:\/\/blog.grupoportfolio.com.br\/portfolio-formacao\/wp-content\/uploads\/sites\/4\/2020\/09\/formacao-home-icone-mba.png 495w, https:\/\/blog.grupoportfolio.com.br\/portfolio-formacao\/wp-content\/uploads\/sites\/4\/2020\/09\/formacao-home-icone-mba-300x300.png 300w, https:\/\/blog.grupoportfolio.com.br\/portfolio-formacao\/wp-content\/uploads\/sites\/4\/2020\/09\/formacao-home-icone-mba-150x150.png 150w\" sizes=\"(max-width: 495px) 100vw, 495px\" \/><\/div><h4 class=\"service-heading\" >MBAs<\/h4><p >Obtenha uma qualifica\u00e7\u00e3o diferenciada com cursos voltados para as melhores pr\u00e1ticas de gest\u00e3o do mercado.<\/p><p class=\"ib-link \"><a href=\"https:\/\/blog.grupoportfolio.com.br\/portfolio-formacao\/categoria-produto\/mba\/?orderby=date\" target=\"_self\" >Saiba mais<\/a><\/p><\/div><\/div>[\/vc_column_inner][\/vc_row_inner][\/vc_column][\/vc_row][vc_row full_width=&#8221;stretch_row&#8221;][vc_column css=&#8221;.vc_custom_1515750968862{padding-right: 0px !important;padding-left: 0px !important;}&#8221;][vc_empty_space height=&#8221;80px&#8221;][vc_row_inner][vc_column_inner css=&#8221;.vc_custom_1515750975948{padding-right: 0px !important;padding-left: 0px !important;}&#8221;]<header class=\"kd-section-title vc_col-lg-6 vc_col-sm-8 text-center solid-line sep-border-width-2    \" ><h2 class=\"separator_on\" >Nossos cursos<\/h2><div class=\"kd-separator below_title\" ><div class=\"kd-separator-line\" ><\/div><\/div><\/header>[\/vc_column_inner][\/vc_row_inner][vc_row_inner][vc_column_inner][vc_custom_heading text=&#8221;Cursos de Forma\u00e7\u00e3o Profissional&#8221; font_container=&#8221;tag:h3|text_align:left&#8221; use_theme_fonts=&#8221;yes&#8221; css_animation=&#8221;bottom-to-top&#8221; link=&#8221;url:https%3A%2F%2Fblog.grupoportfolio.com.br%2Fportfolio-formacao%2Fcategoria-produto%2Fcursos-de-formacao-profissional%2F&#8221;]<div class=\"woocommerce columns-4 \"><\/div>[\/vc_column_inner][\/vc_row_inner][vc_row_inner][vc_column_inner][vc_custom_heading text=&#8221;Cursos Preparat\u00f3rios para Certifica\u00e7\u00e3o&#8221; font_container=&#8221;tag:h3|text_align:left&#8221; use_theme_fonts=&#8221;yes&#8221; css_animation=&#8221;bottom-to-top&#8221; link=&#8221;url:https%3A%2F%2Fblog.grupoportfolio.com.br%2Fportfolio-formacao%2Fcategoria-produto%2Fcursos-preparatorios-para-certificacao%2F&#8221;]<div class=\"woocommerce columns-4 \"><\/div>[\/vc_column_inner][\/vc_row_inner][vc_row_inner][vc_column_inner][vc_custom_heading text=&#8221;Trilhas de Forma\u00e7\u00e3o&#8221; font_container=&#8221;tag:h3|text_align:left&#8221; use_theme_fonts=&#8221;yes&#8221; css_animation=&#8221;bottom-to-top&#8221; link=&#8221;url:https%3A%2F%2Fblog.grupoportfolio.com.br%2Fportfolio-formacao%2Fcategoria-produto%2Ftrilhas-de-formacao%2F&#8221;]<div class=\"woocommerce columns-4 \"><\/div>[\/vc_column_inner][\/vc_row_inner][vc_row_inner][vc_column_inner][vc_custom_heading text=&#8221;MBAs&#8221; font_container=&#8221;tag:h3|text_align:left&#8221; use_theme_fonts=&#8221;yes&#8221; css_animation=&#8221;bottom-to-top&#8221; link=&#8221;url:https%3A%2F%2Fblog.grupoportfolio.com.br%2Fportfolio-formacao%2Fcategoria-produto%2Fmba%2F&#8221;]<div class=\"woocommerce columns-4 \"><\/div>[vc_empty_space][vc_btn title=&#8221;VISUALIZAR TODOS OS CURSOS&#8221; color=&#8221;warning&#8221; size=&#8221;lg&#8221; align=&#8221;center&#8221; link=&#8221;url:https%3A%2F%2Fblog.grupoportfolio.com.br%2Fportfolio-formacao%2Fcursos%2F&#8221;][\/vc_column_inner][\/vc_row_inner][\/vc_column][\/vc_row][vc_row el_id=&#8221;calendario-de-cursos&#8221;][vc_column][vc_empty_space height=&#8221;40px&#8221;]<header class=\"kd-section-title vc_col-lg-6 vc_col-sm-8 text-center solid-line sep-border-width-2    \" ><h2 class=\"separator_on\" >Calend\u00e1rio de Cursos<\/h2><div class=\"kd-separator below_title\" ><div class=\"kd-separator-line\" ><\/div><\/div><\/header>[vc_tta_tabs][vc_tta_section title=&#8221;AGOSTO&#8221; tab_id=&#8221;agosto&#8221;][vc_row_inner][vc_column_inner]<div class=\"es-accordion  \" id=\"esaccid2171328\" >\r\n                            <div class=\"es-heading es-collapsed\"><span class=\"es-time\"><i class=\"far fa-clock\"><\/i>De 08 a 12<\/span><h4><a class=\"collapsed\" data-toggle=\"collapse\" data-parent=\"#esaccid2171328\" href=\"#tabida449b5272c2bbbfdad05239d6fff3657\">Gest\u00e3o \u00c1gil da Estrat\u00e9gica com OKR (On-line\/Ao vivo) <i class=\"fas fa-angle-down\"><\/i><\/a><\/h4>\r\n                            <\/div><div id=\"tabida449b5272c2bbbfdad05239d6fff3657\" class=\"panel-collapse collapse\" role=\"tabpanel\"><div class=\"es-speaker-container\">\r\n                    <div class=\"es-speaker-img\"><\/div>\r\n                    <div class=\"es-speaker-name\"><\/div>\r\n                    <div class=\"es-speaker-position\"><\/div>\r\n                <\/div>\r\n                <div class=\"es-session-desc\"><div class=\"es-desc-wrapper\"><p>Eleve os resultados das metas da sua organiza\u00e7\u00e3o com a aplica\u00e7\u00e3o dos OKRs.<\/p>\n<\/div><div class=\"es-link\"><a href=\"https:\/\/blog.grupoportfolio.com.br\/portfolio-formacao\/produto\/gestao-estrategica-agil-com-okr\/\" target=\"_blank\" title=\"Gest\u00e3o \u00c1gil da Estrat\u00e9gica com OKR\">Saiba mais<\/a><\/div><\/div><\/div>\r\n            <\/div><div class=\"es-accordion  \" id=\"esaccid6725962\" >\r\n                            <div class=\"es-heading es-collapsed\"><span class=\"es-time\"><i class=\"far fa-clock\"><\/i>On-line\/Gravado<\/span><h4><a class=\"collapsed\" data-toggle=\"collapse\" data-parent=\"#esaccid6725962\" href=\"#tabid40119ef88419785a99a6e0561e56a023\">Power BI Practical <i class=\"fas fa-angle-down\"><\/i><\/a><\/h4>\r\n                            <\/div><div id=\"tabid40119ef88419785a99a6e0561e56a023\" class=\"panel-collapse collapse\" role=\"tabpanel\"><div class=\"es-speaker-container\">\r\n                    <div class=\"es-speaker-img\"><\/div>\r\n                    <div class=\"es-speaker-name\"><\/div>\r\n                    <div class=\"es-speaker-position\"><\/div>\r\n                <\/div>\r\n                <div class=\"es-session-desc\"><div class=\"es-desc-wrapper\"><p>Se voc\u00ea j\u00e1 possui conhecimentos b\u00e1sicos sobre Power BI e gostaria de aprimorar suas habilidades, o Power BI Practical \u00e9 perfeito para voc\u00ea.<\/p>\n<\/div><div class=\"es-link\"><a href=\"https:\/\/blog.grupoportfolio.com.br\/portfolio-formacao\/produto\/power-bi-practical\/\" target=\"_blank\" title=\"Power BI Practical\">Saiba mais<\/a><\/div><\/div><\/div>\r\n            <\/div>[\/vc_column_inner][\/vc_row_inner][\/vc_tta_section][vc_tta_section title=&#8221;SETEMBRO&#8221; tab_id=&#8221;setembro&#8221;][vc_row_inner][vc_column_inner]<div class=\"es-accordion  \" id=\"esaccid3488877\" >\r\n                            <div class=\"es-heading es-collapsed\"><span class=\"es-time\"><i class=\"far fa-clock\"><\/i>De 12 a 16<\/span><h4><a class=\"collapsed\" data-toggle=\"collapse\" data-parent=\"#esaccid3488877\" href=\"#tabidb0fe53771e79657b48e4bb9d57ba02ec\">Gest\u00e3o de Mudan\u00e7as: \u00c2mbito Estrat\u00e9gico, Projetos Preditivos e Abordagens \u00c1geis (On-line\/Ao vivo) <i class=\"fas fa-angle-down\"><\/i><\/a><\/h4>\r\n                            <\/div><div id=\"tabidb0fe53771e79657b48e4bb9d57ba02ec\" class=\"panel-collapse collapse\" role=\"tabpanel\"><div class=\"es-speaker-container\">\r\n                    <div class=\"es-speaker-img\"><\/div>\r\n                    <div class=\"es-speaker-name\"><\/div>\r\n                    <div class=\"es-speaker-position\"><\/div>\r\n                <\/div>\r\n                <div class=\"es-session-desc\"><div class=\"es-desc-wrapper\"><p>Para garantir a sobreviv\u00eancia e sustentabilidade, as organiza\u00e7\u00f5es precisam ter compet\u00eancia em gerir o fator humano em suas iniciativas de mudan\u00e7as. S\u00f3 assim ser\u00e3o capazes de preservar seu ativo mais valioso \u2013 as pessoas.<\/p>\n<\/div><div class=\"es-link\"><a href=\"https:\/\/blog.grupoportfolio.com.br\/portfolio-formacao\/produto\/gestao-de-mudancas-ambito-estrategico-projetos-preditivos-e-abordagens-ageis\/\" target=\"_blank\" title=\"Gest\u00e3o de Mudan\u00e7as: \u00c2mbito Estrat\u00e9gico, Projetos Preditivos e Abordagens \u00c1geis\">Saiba mais<\/a><\/div><\/div><\/div>\r\n            <\/div><div class=\"es-accordion  \" id=\"esaccid5071363\" >\r\n                            <div class=\"es-heading es-collapsed\"><span class=\"es-time\"><i class=\"far fa-clock\"><\/i>De 19 a 23<\/span><h4><a class=\"collapsed\" data-toggle=\"collapse\" data-parent=\"#esaccid5071363\" href=\"#tabid80a63200b64ec456e5c481a62be0cbb0\">Power BI Essentials (On-line\/Ao vivo) <i class=\"fas fa-angle-down\"><\/i><\/a><\/h4>\r\n                            <\/div><div id=\"tabid80a63200b64ec456e5c481a62be0cbb0\" class=\"panel-collapse collapse\" role=\"tabpanel\"><div class=\"es-speaker-container\">\r\n                    <div class=\"es-speaker-img\"><\/div>\r\n                    <div class=\"es-speaker-name\"><\/div>\r\n                    <div class=\"es-speaker-position\"><\/div>\r\n                <\/div>\r\n                <div class=\"es-session-desc\"><div class=\"es-desc-wrapper\"><p>Chegou a hora de voc\u00ea aprender a utilizar umas das principais ferramentas do mercado quando o assunto \u00e9 an\u00e1lise de dados e business intelligence: o Power BI.<\/p>\n<\/div><div class=\"es-link\"><a href=\"https:\/\/blog.grupoportfolio.com.br\/portfolio-formacao\/produto\/power-bi-essentials\/\" target=\"_blank\" title=\"Power BI Essentials\">Saiba mais<\/a><\/div><\/div><\/div>\r\n            <\/div><div class=\"es-accordion  \" id=\"esaccid6768259\" >\r\n                            <div class=\"es-heading es-collapsed\"><span class=\"es-time\"><i class=\"far fa-clock\"><\/i>On-line\/Gravado<\/span><h4><a class=\"collapsed\" data-toggle=\"collapse\" data-parent=\"#esaccid6768259\" href=\"#tabida7cd0dffe788c13ca06dd4275be6f497\">Power BI Practical <i class=\"fas fa-angle-down\"><\/i><\/a><\/h4>\r\n                            <\/div><div id=\"tabida7cd0dffe788c13ca06dd4275be6f497\" class=\"panel-collapse collapse\" role=\"tabpanel\"><div class=\"es-speaker-container\">\r\n                    <div class=\"es-speaker-img\"><\/div>\r\n                    <div class=\"es-speaker-name\"><\/div>\r\n                    <div class=\"es-speaker-position\"><\/div>\r\n                <\/div>\r\n                <div class=\"es-session-desc\"><div class=\"es-desc-wrapper\"><p>Se voc\u00ea j\u00e1 possui conhecimentos b\u00e1sicos sobre Power BI e gostaria de aprimorar suas habilidades, o Power BI Practical \u00e9 perfeito para voc\u00ea.<\/p>\n<\/div><div class=\"es-link\"><a href=\"https:\/\/blog.grupoportfolio.com.br\/portfolio-formacao\/produto\/power-bi-practical\/\" target=\"_blank\" title=\"Power BI Practical\">Saiba mais<\/a><\/div><\/div><\/div>\r\n            <\/div>[\/vc_column_inner][\/vc_row_inner][\/vc_tta_section][vc_tta_section title=&#8221;OUTUBRO&#8221; tab_id=&#8221;outubro&#8221;][vc_row_inner][vc_column_inner]<div class=\"es-accordion  \" id=\"esaccid7729179\" >\r\n                            <div class=\"es-heading es-collapsed\"><span class=\"es-time\"><i class=\"far fa-clock\"><\/i>De 03 a 07<\/span><h4><a class=\"collapsed\" data-toggle=\"collapse\" data-parent=\"#esaccid7729179\" href=\"#tabid4c423301b57f1f06e83aeb6942a4541e\">Gest\u00e3o \u00c1gil de Projetos com Scrum na Pr\u00e1tica (On-line\/Ao vivo) <i class=\"fas fa-angle-down\"><\/i><\/a><\/h4>\r\n                            <\/div><div id=\"tabid4c423301b57f1f06e83aeb6942a4541e\" class=\"panel-collapse collapse\" role=\"tabpanel\"><div class=\"es-speaker-container\">\r\n                    <div class=\"es-speaker-img\"><\/div>\r\n                    <div class=\"es-speaker-name\"><\/div>\r\n                    <div class=\"es-speaker-position\"><\/div>\r\n                <\/div>\r\n                <div class=\"es-session-desc\"><div class=\"es-desc-wrapper\"><p>Obtenha mais resultados e efic\u00e1cia em seus projetos com uso adequado do framework SCRUM, que est\u00e1 revolucionando o desenvolvimento \u00e1gil de produtos ou servi\u00e7os de qualquer natureza.<\/p>\n<\/div><div class=\"es-link\"><a href=\"https:\/\/blog.grupoportfolio.com.br\/portfolio-formacao\/produto\/gestao-agil-de-projetos-com-scrum-na-pratica\/\" target=\"_blank\" title=\"Gest\u00e3o \u00c1gil de Projetos com Scrum na Pr\u00e1tica\">Saiba mais<\/a><\/div><\/div><\/div>\r\n            <\/div><div class=\"es-accordion  \" id=\"esaccid6387362\" >\r\n                            <div class=\"es-heading es-collapsed\"><span class=\"es-time\"><i class=\"far fa-clock\"><\/i>De 03 a 07<\/span><h4><a class=\"collapsed\" data-toggle=\"collapse\" data-parent=\"#esaccid6387362\" href=\"#tabid3198c08cefd4aa2230762df6cb12c408\">Process Automation (On-line\/Ao vivo) <i class=\"fas fa-angle-down\"><\/i><\/a><\/h4>\r\n                            <\/div><div id=\"tabid3198c08cefd4aa2230762df6cb12c408\" class=\"panel-collapse collapse\" role=\"tabpanel\"><div class=\"es-speaker-container\">\r\n                    <div class=\"es-speaker-img\"><\/div>\r\n                    <div class=\"es-speaker-name\"><\/div>\r\n                    <div class=\"es-speaker-position\"><\/div>\r\n                <\/div>\r\n                <div class=\"es-session-desc\"><div class=\"es-desc-wrapper\"><p>Conhe\u00e7as os benef\u00edcios da automa\u00e7\u00e3o de processos e das solu\u00e7\u00f5es low-code para alavancar os neg\u00f3cios.<\/p>\n<\/div><div class=\"es-link\"><a href=\"https:\/\/blog.grupoportfolio.com.br\/portfolio-formacao\/produto\/process-automation\/\" target=\"_blank\" title=\"Process Automation\">Saiba mais<\/a><\/div><\/div><\/div>\r\n            <\/div><div class=\"es-accordion  \" id=\"esaccid4755995\" >\r\n                            <div class=\"es-heading es-collapsed\"><span class=\"es-time\"><i class=\"far fa-clock\"><\/i>De 17 a 21<\/span><h4><a class=\"collapsed\" data-toggle=\"collapse\" data-parent=\"#esaccid4755995\" href=\"#tabid572a230890a4a892a2144b24634d1a86\">\u00c1gil Escalado nas Organiza\u00e7\u00f5es (On-line\/Ao vivo) <i class=\"fas fa-angle-down\"><\/i><\/a><\/h4>\r\n                            <\/div><div id=\"tabid572a230890a4a892a2144b24634d1a86\" class=\"panel-collapse collapse\" role=\"tabpanel\"><div class=\"es-speaker-container\">\r\n                    <div class=\"es-speaker-img\"><\/div>\r\n                    <div class=\"es-speaker-name\"><\/div>\r\n                    <div class=\"es-speaker-position\"><\/div>\r\n                <\/div>\r\n                <div class=\"es-session-desc\"><div class=\"es-desc-wrapper\"><p>Aprenda como conduzir um processo de transforma\u00e7\u00e3o \u00e1gil em sua organiza\u00e7\u00e3o, utilizando princ\u00edpios, conceitos e ferramentas reconhecidas no mercado para escalar a agilidade a n\u00edvel corporativo, do n\u00edvel estrat\u00e9gico ao operacional.<\/p>\n<\/div><div class=\"es-link\"><a href=\"https:\/\/blog.grupoportfolio.com.br\/portfolio-formacao\/produto\/agil-escalado-nas-organizacoes\/\" target=\"_blank\" title=\"\u00c1gil Escalado nas Organiza\u00e7\u00f5es\">Saiba mais<\/a><\/div><\/div><\/div>\r\n            <\/div><div class=\"es-accordion  \" id=\"esaccid5287186\" >\r\n                            <div class=\"es-heading es-collapsed\"><span class=\"es-time\"><i class=\"far fa-clock\"><\/i>De 24 a 28<\/span><h4><a class=\"collapsed\" data-toggle=\"collapse\" data-parent=\"#esaccid5287186\" href=\"#tabidee67aea10bd7740c5800c450a1b363c2\">BPM: Transformando Organiza\u00e7\u00f5es Por Meio de Processos (On-line\/Ao vivo) <i class=\"fas fa-angle-down\"><\/i><\/a><\/h4>\r\n                            <\/div><div id=\"tabidee67aea10bd7740c5800c450a1b363c2\" class=\"panel-collapse collapse\" role=\"tabpanel\"><div class=\"es-speaker-container\">\r\n                    <div class=\"es-speaker-img\"><\/div>\r\n                    <div class=\"es-speaker-name\"><\/div>\r\n                    <div class=\"es-speaker-position\"><\/div>\r\n                <\/div>\r\n                <div class=\"es-session-desc\"><div class=\"es-desc-wrapper\"><p>Eleve o desempenho e a competitividade da organiza\u00e7\u00e3o com BPM (Business Process Management), uma disciplina gerencial conhecida e disseminada em todo o mundo.<\/p>\n<\/div><div class=\"es-link\"><a href=\"https:\/\/blog.grupoportfolio.com.br\/portfolio-formacao\/produto\/bpm-transformando-organizacoes-por-meio-de-processos\/\" target=\"_blank\" title=\"BPM: Transformando Organiza\u00e7\u00f5es Por Meio de Processos\">Saiba mais<\/a><\/div><\/div><\/div>\r\n            <\/div><div class=\"es-accordion  \" id=\"esaccid6011756\" >\r\n                            <div class=\"es-heading es-collapsed\"><span class=\"es-time\"><i class=\"far fa-clock\"><\/i>On-line\/Gravado<\/span><h4><a class=\"collapsed\" data-toggle=\"collapse\" data-parent=\"#esaccid6011756\" href=\"#tabid5189295b491b69ecc406ea8c64d349f2\">Power BI Practical <i class=\"fas fa-angle-down\"><\/i><\/a><\/h4>\r\n                            <\/div><div id=\"tabid5189295b491b69ecc406ea8c64d349f2\" class=\"panel-collapse collapse\" role=\"tabpanel\"><div class=\"es-speaker-container\">\r\n                    <div class=\"es-speaker-img\"><\/div>\r\n                    <div class=\"es-speaker-name\"><\/div>\r\n                    <div class=\"es-speaker-position\"><\/div>\r\n                <\/div>\r\n                <div class=\"es-session-desc\"><div class=\"es-desc-wrapper\"><p>Se voc\u00ea j\u00e1 possui conhecimentos b\u00e1sicos sobre Power BI e gostaria de aprimorar suas habilidades, o Power BI Practical \u00e9 perfeito para voc\u00ea.<\/p>\n<\/div><div class=\"es-link\"><a href=\"https:\/\/blog.grupoportfolio.com.br\/portfolio-formacao\/produto\/power-bi-practical\/\" target=\"_blank\" title=\"Power BI Practical\">Saiba mais<\/a><\/div><\/div><\/div>\r\n            <\/div>[\/vc_column_inner][\/vc_row_inner][\/vc_tta_section][vc_tta_section title=&#8221;NOVEMBRO&#8221; tab_id=&#8221;novembro&#8221;][vc_row_inner][vc_column_inner]<div class=\"es-accordion  \" id=\"esaccid9171437\" >\r\n                            <div class=\"es-heading es-collapsed\"><span class=\"es-time\"><i class=\"far fa-clock\"><\/i>De 07 a 11<\/span><h4><a class=\"collapsed\" data-toggle=\"collapse\" data-parent=\"#esaccid9171437\" href=\"#tabid1a0208456a79c430bdfa916c4facd4ef\">Business Agility (On-line\/Ao vivo) <i class=\"fas fa-angle-down\"><\/i><\/a><\/h4>\r\n                            <\/div><div id=\"tabid1a0208456a79c430bdfa916c4facd4ef\" class=\"panel-collapse collapse\" role=\"tabpanel\"><div class=\"es-speaker-container\">\r\n                    <div class=\"es-speaker-img\"><\/div>\r\n                    <div class=\"es-speaker-name\"><\/div>\r\n                    <div class=\"es-speaker-position\"><\/div>\r\n                <\/div>\r\n                <div class=\"es-session-desc\"><div class=\"es-desc-wrapper\"><p>Aprenda como aplicar os princi\u0301pios do A\u0301gil e a mentalidade A\u0301gil em todo o nego\u0301cio, muito ale\u0301m da a\u0301rea de TI.<\/p>\n<\/div><div class=\"es-link\"><a href=\"https:\/\/blog.grupoportfolio.com.br\/portfolio-formacao\/produto\/business-agility\/\" target=\"_blank\" title=\"Business Agility\">Saiba mais<\/a><\/div><\/div><\/div>\r\n            <\/div><div class=\"es-accordion  \" id=\"esaccid7982673\" >\r\n                            <div class=\"es-heading es-collapsed\"><span class=\"es-time\"><i class=\"far fa-clock\"><\/i>De 21 a 25<\/span><h4><a class=\"collapsed\" data-toggle=\"collapse\" data-parent=\"#esaccid7982673\" href=\"#tabid655672494526dca38f76f5a661672337\">Artificial Intelligence for Business (On-line\/Ao vivo) <i class=\"fas fa-angle-down\"><\/i><\/a><\/h4>\r\n                            <\/div><div id=\"tabid655672494526dca38f76f5a661672337\" class=\"panel-collapse collapse\" role=\"tabpanel\"><div class=\"es-speaker-container\">\r\n                    <div class=\"es-speaker-img\"><\/div>\r\n                    <div class=\"es-speaker-name\"><\/div>\r\n                    <div class=\"es-speaker-position\"><\/div>\r\n                <\/div>\r\n                <div class=\"es-session-desc\"><div class=\"es-desc-wrapper\"><p>Conhe\u00e7a as possibilidades da Intelig\u00eancia Artificial para neg\u00f3cios e torne-a uma aliada da sua empresa.<\/p>\n<\/div><div class=\"es-link\"><a href=\"https:\/\/blog.grupoportfolio.com.br\/portfolio-formacao\/produto\/artificial-intelligence-for-business\/\" target=\"_blank\" title=\"Artificial Intelligence for Business\">Saiba mais<\/a><\/div><\/div><\/div>\r\n            <\/div><div class=\"es-accordion  \" id=\"esaccid4060977\" >\r\n                            <div class=\"es-heading es-collapsed\"><span class=\"es-time\"><i class=\"far fa-clock\"><\/i>On-line\/Gravado<\/span><h4><a class=\"collapsed\" data-toggle=\"collapse\" data-parent=\"#esaccid4060977\" href=\"#tabid98624955a6aa7d16b331f2db9f7b9c34\">Power BI Practical <i class=\"fas fa-angle-down\"><\/i><\/a><\/h4>\r\n                            <\/div><div id=\"tabid98624955a6aa7d16b331f2db9f7b9c34\" class=\"panel-collapse collapse\" role=\"tabpanel\"><div class=\"es-speaker-container\">\r\n                    <div class=\"es-speaker-img\"><\/div>\r\n                    <div class=\"es-speaker-name\"><\/div>\r\n                    <div class=\"es-speaker-position\"><\/div>\r\n                <\/div>\r\n                <div class=\"es-session-desc\"><div class=\"es-desc-wrapper\"><p>Se voc\u00ea j\u00e1 possui conhecimentos b\u00e1sicos sobre Power BI e gostaria de aprimorar suas habilidades, o Power BI Practical \u00e9 perfeito para voc\u00ea.<\/p>\n<\/div><div class=\"es-link\"><a href=\"https:\/\/blog.grupoportfolio.com.br\/portfolio-formacao\/produto\/power-bi-practical\/\" target=\"_blank\" title=\"Power BI Practical\">Saiba mais<\/a><\/div><\/div><\/div>\r\n            <\/div>[\/vc_column_inner][\/vc_row_inner][\/vc_tta_section][vc_tta_section title=&#8221;DEZEMBRO&#8221; tab_id=&#8221;dezembro&#8221;][vc_row_inner][vc_column_inner]<div class=\"es-accordion  \" id=\"esaccid4194142\" >\r\n                            <div class=\"es-heading es-collapsed\"><span class=\"es-time\"><i class=\"far fa-clock\"><\/i>De 05 a 09<\/span><h4><a class=\"collapsed\" data-toggle=\"collapse\" data-parent=\"#esaccid4194142\" href=\"#tabid37b5bbe7173d78579fbd48c9f64e97a9\">Preparat\u00f3rio PSK I \u2013 Professional Scrum com Kanban (On-line\/Ao vivo) <i class=\"fas fa-angle-down\"><\/i><\/a><\/h4>\r\n                            <\/div><div id=\"tabid37b5bbe7173d78579fbd48c9f64e97a9\" class=\"panel-collapse collapse\" role=\"tabpanel\"><div class=\"es-speaker-container\">\r\n                    <div class=\"es-speaker-img\"><\/div>\r\n                    <div class=\"es-speaker-name\"><\/div>\r\n                    <div class=\"es-speaker-position\"><\/div>\r\n                <\/div>\r\n                <div class=\"es-session-desc\"><div class=\"es-desc-wrapper\"><p>Aprenda como os artefatos, eventos e pap\u00e9is do Scrum s\u00e3o impactados com a ado\u00e7\u00e3o de pr\u00e1ticas do Kanban e combine duas das principais abordagens \u00e1geis do mercado. Prepare-se para a Certifica\u00e7\u00e3o PSK I \u2013 Professional Scrum com Kanban.<\/p>\n<\/div><div class=\"es-link\"><a href=\"https:\/\/blog.grupoportfolio.com.br\/portfolio-formacao\/produto\/preparatorio-psk-i-professional-scrum-com-kanban\/\" target=\"_blank\" title=\"Preparat\u00f3rio PSK I \u2013 Professional Scrum com Kanban\">Saiba mais<\/a><\/div><\/div><\/div>\r\n            <\/div><div class=\"es-accordion  \" id=\"esaccid3364431\" >\r\n                            <div class=\"es-heading es-collapsed\"><span class=\"es-time\"><i class=\"far fa-clock\"><\/i>De 12 a 22<\/span><h4><a class=\"collapsed\" data-toggle=\"collapse\" data-parent=\"#esaccid3364431\" href=\"#tabid4dff894c66ade4c235fa2758cc27c9c6\">Power BI Advanced (On-line\/Ao vivo) <i class=\"fas fa-angle-down\"><\/i><\/a><\/h4>\r\n                            <\/div><div id=\"tabid4dff894c66ade4c235fa2758cc27c9c6\" class=\"panel-collapse collapse\" role=\"tabpanel\"><div class=\"es-speaker-container\">\r\n                    <div class=\"es-speaker-img\"><\/div>\r\n                    <div class=\"es-speaker-name\"><\/div>\r\n                    <div class=\"es-speaker-position\"><\/div>\r\n                <\/div>\r\n                <div class=\"es-session-desc\"><div class=\"es-desc-wrapper\"><p>O Power BI Advanced foi criado na medida para voc\u00ea que j\u00e1 \u00e9 fera na ferramenta e gostaria de elevar seus conhecimentos a outro patamar.<\/p>\n<\/div><div class=\"es-link\"><a href=\"https:\/\/blog.grupoportfolio.com.br\/portfolio-formacao\/produto\/power-bi-advanced\/\" target=\"_blank\" title=\"Power BI Advanced\">Saiba mais<\/a><\/div><\/div><\/div>\r\n            <\/div><div class=\"es-accordion  \" id=\"esaccid1032407\" >\r\n                            <div class=\"es-heading es-collapsed\"><span class=\"es-time\"><i class=\"far fa-clock\"><\/i>On-line\/Gravado<\/span><h4><a class=\"collapsed\" data-toggle=\"collapse\" data-parent=\"#esaccid1032407\" href=\"#tabid01c2a19d0b5b12ca0a5d9b34d6461b3a\">Power BI Practical <i class=\"fas fa-angle-down\"><\/i><\/a><\/h4>\r\n                            <\/div><div id=\"tabid01c2a19d0b5b12ca0a5d9b34d6461b3a\" class=\"panel-collapse collapse\" role=\"tabpanel\"><div class=\"es-speaker-container\">\r\n                    <div class=\"es-speaker-img\"><\/div>\r\n                    <div class=\"es-speaker-name\"><\/div>\r\n                    <div class=\"es-speaker-position\"><\/div>\r\n                <\/div>\r\n                <div class=\"es-session-desc\"><div class=\"es-desc-wrapper\"><p>Se voc\u00ea j\u00e1 possui conhecimentos b\u00e1sicos sobre Power BI e gostaria de aprimorar suas habilidades, o Power BI Practical \u00e9 perfeito para voc\u00ea.<\/p>\n<\/div><div class=\"es-link\"><a href=\"https:\/\/blog.grupoportfolio.com.br\/portfolio-formacao\/produto\/power-bi-practical\/\" target=\"_blank\" title=\"Power BI Practical\">Saiba mais<\/a><\/div><\/div><\/div>\r\n            <\/div>[\/vc_column_inner][\/vc_row_inner][\/vc_tta_section][\/vc_tta_tabs][\/vc_column][\/vc_row][vc_row full_width=&#8221;stretch_row&#8221;][vc_column][vc_empty_space height=&#8221;80px&#8221;]<header class=\"kd-section-title col-lg-12 text-center solid-line sep-border-width-2    \" ><h2 class=\"separator_on\" >Depoimento dos Alunos<\/h2><div class=\"kd-separator below_title\" ><div class=\"kd-separator-line\" ><\/div><\/div><\/header>\r\n        <style>\r\n        \t.unique-carousel-401 .owl-next, .unique-carousel-401 .owl-prev{\r\n        \t\tbackground:   !important;\r\n        \t\tcolor:  !important;\r\n        \t}\r\n\r\n        \t.unique-carousel-401.owl-theme .owl-dots .owl-dot.active span, .unique-carousel-401.owl-theme .owl-dots .owl-dot:hover span{\r\n        \t\tbackground:  !important;\r\n        \t}\r\n\r\n        \t.owl-next, .owl-prev{\r\n        \t\ttop: 40%;\r\n        \t}\r\n        <\/style>\r\n        <div class=\"wdo-carosuel-container unique-carousel-401 owl-carousel owl-theme\">\r\n        \t\t\t\t<div class=\"item-video\">\r\n\t\t\t  <a class=\"owl-video\" href=\"https:\/\/youtu.be\/zRo7GHcfUDI\"><\/a> \r\n\t\t\t<\/div>\r\n\r\n\t\t\t\t\t<div class=\"item-video\">\r\n\t\t\t  <a class=\"owl-video\" href=\"https:\/\/www.youtube.com\/watch?v=fXzqckFeftA\"><\/a> \r\n\t\t\t<\/div>\r\n\r\n\t\t\t\t\t<div class=\"item-video\">\r\n\t\t\t  <a class=\"owl-video\" href=\"https:\/\/www.youtube.com\/watch?v=Dm-nWkTUDGs\"><\/a> \r\n\t\t\t<\/div>\r\n\r\n\t\t\t\t\t<div class=\"item-video\">\r\n\t\t\t  <a class=\"owl-video\" href=\"https:\/\/www.youtube.com\/watch?v=cQjsj3njY7E\"><\/a> \r\n\t\t\t<\/div>\r\n\r\n\t\t\t\t\t<div class=\"item-video\">\r\n\t\t\t  <a class=\"owl-video\" href=\"https:\/\/www.youtube.com\/watch?v=2XVY-qIHiEQ\"><\/a> \r\n\t\t\t<\/div>\r\n\r\n\t\t        <\/div>\r\n        <script type=\"text\/javascript\">\r\n        \tjQuery(document).ready(function ($) {\r\n        \t\t$('.unique-carousel-401').owlCarousel({\r\n        \t\t    margin:10,\r\n        \t\t    touchDrag:true,\r\n        \t\t    mouseDrag:true,\r\n        \t\t    animateIn: \"no-animation\",\r\n        \t\t    animateOut: \"no-animation\",\r\n        \t\t    video:true,\r\n        \t\t    videoWidth:true,\r\n        \t\t    videoHeight:300,\r\n        \t\t    loop:true,\r\n        \t\t    slideBy:1,\r\n        \t\t    autoplay:true, \r\n        \t\t    nav:false,\r\n        \t\t    dots:true,\r\n        \t\t    navText:[\"<div class='nav-btn prev-slide'><\/div>\",\"<div class='nav-btn next-slide'><\/div>\"],\r\n        \t\t    responsive:{\r\n        \t\t        0:{\r\n        \t\t            items:1        \t\t        },\r\n        \t\t        600:{\r\n        \t\t            items:3        \t\t        },\r\n        \t\t        1000:{\r\n        \t\t            items:3        \t\t        }\r\n        \t\t    }\r\n        \t\t});\r\n        \t});\r\n        <\/script>\r\n\r\n        [\/vc_column][\/vc_row][vc_row full_width=&#8221;stretch_row&#8221;][vc_column width=&#8221;2\/12&#8243;][\/vc_column][vc_column width=&#8221;8\/12&#8243;][vc_empty_space height=&#8221;80px&#8221;]<header class=\"kd-section-title col-lg-12 text-center solid-line sep-border-width-2    \" ><h2 class=\"separator_on\" >Parcerias<\/h2><div class=\"kd-separator below_title\" ><div class=\"kd-separator-line\" ><\/div><\/div><\/header>[vc_tta_tabs alignment=&#8221;center&#8221; active_section=&#8221;1&#8243; css_animation=&#8221;none&#8221;][vc_tta_section tab_id=&#8221;1642610017557-3b5d78e6-e0d4&#8243; title=&#8221;FB Uni&#8221;][vc_empty_space][vc_single_image image=&#8221;9083&#8243; img_size=&#8221;170&#215;80&#8243; alignment=&#8221;center&#8221;]<header class=\"kd-section-title col-lg-12 text-center solid-line sep-border-width-3 120   \" ><h4 class=\"separator_on\" ><\/h4><div class=\"kd-separator below_title\" style=\"width:120;\"><div class=\"kd-separator-line\" ><\/div><\/div><h6 class=\"subtitle \" >Em parceria com o Centro Universit\u00e1rio Farias Brito, institui\u00e7\u00e3o educacional nacionalmente reconhecida, o Grupo Portfolio ministra os cursos de MBA de Gest\u00e3o \u00c1gil de Projetos de Inova\u00e7\u00e3o e Gerenciamento de Projetos e Processos. Uma parceria que proporciona ao aluno um programa de aulas diferenciado a partir de professores que s\u00e3o profissionais de grandes empresas e que levam \u00e0s aulas conte\u00fado relevante e pr\u00e1ticas que condizem com a realidade do mercado.<\/h6><\/header>[\/vc_tta_section][\/vc_tta_tabs][vc_empty_space height=&#8221;100px&#8221;][\/vc_column][vc_column width=&#8221;2\/12&#8243;][\/vc_column][\/vc_row][vc_row][vc_column][vc_column_text]<\/p>\n<div id=\"accel-snackbar\"><\/div>\n<p>[\/vc_column_text][\/vc_column][\/vc_row]<\/p>\n","protected":false},"excerpt":{"rendered":"<p>[vc_row full_width=&#8221;stretch_row_content&#8221; css=&#8221;.vc_custom_1622255076214{padding-top: 200px !important;padding-right: 0px !important;padding-bottom: 100px !important;padding-left: 0px !important;background-image: url(https:\/\/blog.grupoportfolio.com.br\/wp-content\/uploads\/sites\/4\/2020\/09\/formacao-home-header-bg.jpg?id=8348) !important;background-position: center !important;background-repeat: no-repeat !important;background-size: cover !important;}&#8221;][vc_column][vc_row_inner][vc_column_inner width=&#8221;2\/12&#8243;][\/vc_column_inner][vc_column_inner width=&#8221;8\/12&#8243;][vc_empty_space height=&#8221;25px&#8221;][\/vc_column_inner][vc_column_inner width=&#8221;2\/12&#8243;][\/vc_column_inner][\/vc_row_inner][vc_row_inner equal_height=&#8221;yes&#8221; gap=&#8221;10&#8243; css=&#8221;.vc_custom_1607338603548{padding-top: 30px !important;}&#8221;][vc_column_inner width=&#8221;1\/3&#8243; css=&#8221;.vc_custom_1513708828972{padding-right: 0px !important;padding-left: 0px !important;}&#8221;][\/vc_column_inner][vc_column_inner width=&#8221;1\/3&#8243; css=&#8221;.vc_custom_1513708833716{padding-right: 0px !important;padding-left: 0px !important;}&#8221;][\/vc_column_inner][vc_column_inner width=&#8221;1\/3&#8243; css=&#8221;.vc_custom_1513708838261{padding-right: 0px !important;padding-left: [&hellip;]<\/p>\n","protected":false},"author":15,"featured_media":0,"parent":0,"menu_order":0,"comment_status":"closed","ping_status":"closed","template":"","meta":{"footnotes":""},"class_list":["post-2","page","type-page","status-publish","hentry"],"aioseo_notices":[],"jetpack_sharing_enabled":true,"_links":{"self":[{"href":"https:\/\/blog.grupoportfolio.com.br\/portfolio-formacao\/wp-json\/wp\/v2\/pages\/2","targetHints":{"allow":["GET"]}}],"collection":[{"href":"https:\/\/blog.grupoportfolio.com.br\/portfolio-formacao\/wp-json\/wp\/v2\/pages"}],"about":[{"href":"https:\/\/blog.grupoportfolio.com.br\/portfolio-formacao\/wp-json\/wp\/v2\/types\/page"}],"author":[{"embeddable":true,"href":"https:\/\/blog.grupoportfolio.com.br\/portfolio-formacao\/wp-json\/wp\/v2\/users\/15"}],"replies":[{"embeddable":true,"href":"https:\/\/blog.grupoportfolio.com.br\/portfolio-formacao\/wp-json\/wp\/v2\/comments?post=2"}],"version-history":[{"count":4,"href":"https:\/\/blog.grupoportfolio.com.br\/portfolio-formacao\/wp-json\/wp\/v2\/pages\/2\/revisions"}],"predecessor-version":[{"id":10053,"href":"https:\/\/blog.grupoportfolio.com.br\/portfolio-formacao\/wp-json\/wp\/v2\/pages\/2\/revisions\/10053"}],"wp:attachment":[{"href":"https:\/\/blog.grupoportfolio.com.br\/portfolio-formacao\/wp-json\/wp\/v2\/media?parent=2"}],"curies":[{"name":"wp","href":"https:\/\/api.w.org\/{rel}","templated":true}]}}